{"id":1636,"date":"2017-05-04T10:29:27","date_gmt":"2017-05-04T10:29:27","guid":{"rendered":"http:\/\/elkunoviz.org\/faq\/"},"modified":"2023-08-16T06:49:31","modified_gmt":"2023-08-16T04:49:31","slug":"pmf","status":"publish","type":"page","link":"https:\/\/elkunoviz.org\/es\/pmf\/","title":{"rendered":"PMF"},"content":{"rendered":"<p>[et_pb_section fb_built=\u00bb1&#8243; admin_label=\u00bbsection\u00bb _builder_version=\u00bb4.16&#8243; global_colors_info=\u00bb{}\u00bb][et_pb_row admin_label=\u00bbrow\u00bb _builder_version=\u00bb4.21.0&#8243; background_size=\u00bbinitial\u00bb background_position=\u00bbtop_left\u00bb background_repeat=\u00bbrepeat\u00bb custom_margin=\u00bb||0px||false|false\u00bb custom_padding=\u00bb||0px||false|false\u00bb global_colors_info=\u00bb{}\u00bb][et_pb_column type=\u00bb4_4&#8243; _builder_version=\u00bb4.16&#8243; custom_padding=\u00bb|||\u00bb global_colors_info=\u00bb{}\u00bb custom_padding__hover=\u00bb|||\u00bb][et_pb_text admin_label=\u00bbText\u00bb _builder_version=\u00bb4.16&#8243; background_size=\u00bbinitial\u00bb background_position=\u00bbtop_left\u00bb background_repeat=\u00bbrepeat\u00bb custom_padding=\u00bb||1px|||\u00bb use_border_color=\u00bboff\u00bb border_color=\u00bb#ffffff\u00bb border_style=\u00bbsolid\u00bb global_colors_info=\u00bb{}\u00bb]<\/p>\n<h1>PMF<\/h1>\n<p>[\/et_pb_text][et_pb_image src=\u00bbhttps:\/\/elkunoviz.org\/wp-content\/uploads\/2023\/06\/elkunoviz-faq.jpeg\u00bb alt=\u00bbHeilbehandlung Hand auflegen\u00bb title_text=\u00bbelkunoviz-faq\u00bb align_tablet=\u00bbcenter\u00bb align_phone=\u00bb\u00bb align_last_edited=\u00bbon|desktop\u00bb admin_label=\u00bbImage\u00bb _builder_version=\u00bb4.21.0&#8243; custom_margin=\u00bb-30px|||||\u00bb use_border_color=\u00bboff\u00bb border_color=\u00bb#ffffff\u00bb border_style=\u00bbsolid\u00bb animation=\u00bboff\u00bb sticky=\u00bboff\u00bb always_center_on_mobile=\u00bbon\u00bb global_colors_info=\u00bb{}\u00bb][\/et_pb_image][\/et_pb_column][\/et_pb_row][\/et_pb_section][et_pb_section fb_built=\u00bb1&#8243; _builder_version=\u00bb4.21.0&#8243; _module_preset=\u00bbdefault\u00bb global_colors_info=\u00bb{}\u00bb][et_pb_row _builder_version=\u00bb4.21.0&#8243; _module_preset=\u00bb580215c7-9656-43f9-8465-6a6179cbfbc3&#8243; max_width=\u00bb780px\u00bb custom_padding=\u00bb||||false|true\u00bb global_colors_info=\u00bb{}\u00bb][et_pb_column type=\u00bb4_4&#8243; _builder_version=\u00bb4.21.0&#8243; _module_preset=\u00bbdefault\u00bb global_colors_info=\u00bb{}\u00bb][et_pb_text admin_label=\u00bbText\u00bb _builder_version=\u00bb4.16&#8243; background_size=\u00bbinitial\u00bb background_position=\u00bbtop_left\u00bb background_repeat=\u00bbrepeat\u00bb use_border_color=\u00bboff\u00bb border_color=\u00bb#ffffff\u00bb border_style=\u00bbsolid\u00bb global_colors_info=\u00bb{}\u00bb]<\/p>\n<div class=\"et_pb_module et_pb_text et_pb_text_1  et_pb_text_align_left et_pb_bg_layout_light\">\n<div class=\"et_pb_text_inner\">\n<h2>PMF \u2013 Preguntas m\u00e1s frecuentes<\/h2>\n<\/div>\n<\/div>\n<p>[\/et_pb_text][et_pb_accordion _builder_version=\u00bb4.21.0&#8243; _module_preset=\u00bbdefault\u00bb global_colors_info=\u00bb{}\u00bb][et_pb_accordion_item title=\u00bb\u00bfQu\u00e9 es el Realineamiento Espiritual?\u00bb open=\u00bbon\u00bb _builder_version=\u00bb4.21.0&#8243; _module_preset=\u00bbdefault\u00bb global_colors_info=\u00bb{}\u00bb]<\/p>\n<p>Die Geistige Aufrichtung ist eine alternative Heilmethode und die Grundlage f\u00fcr eine allumfassende Heilwerdung\/Genesung auf allen Ebenen unseres Seins. <a href=\"https:\/\/elkunoviz.org\/es\/metodo-pjotr-elkunoviz\/\">Hier weiterlesen&#8230;<\/a><\/p>\n<p>El Realineamiento Espiritual es un m\u00e9todo de sanaci\u00f3n alternativo y la base para una sanaci\u00f3n \/ recuperaci\u00f3n integral en todos los niveles de nuestro ser.\u00a0<a href=\"https:\/\/elkunoviz.org\/es\/metodo-pjotr-elkunoviz\/\">Leer m\u00e1s \u2026<\/a><\/p>\n<p>[\/et_pb_accordion_item][et_pb_accordion_item title=\u00bb\u00bfPara qui\u00e9n es apropiado el Realineamiento Espiritual?\u00bb _builder_version=\u00bb4.21.0&#8243; _module_preset=\u00bbdefault\u00bb border_color_all=\u00bb#3c3a36&#8243; global_colors_info=\u00bb{}\u00bb open=\u00bboff\u00bb]<\/p>\n<p>El Realineamiento Espiritual se dirige a todos los: Ni\u00f1os, adultos, embarazadas, personas en la tercera edad as\u00ed como deportistas, independientemente de la identidad nacional y cultural, de la edad y del estado de salud.<\/p>\n<p>[\/et_pb_accordion_item][et_pb_accordion_item title=\u00bb\u00bfEl tratamiento es adecuado solo para los problemas de columna o es \u00fatil tambi\u00e9n en caso de otros s\u00edntomas?\u00bb _builder_version=\u00bb4.21.0&#8243; _module_preset=\u00bbdefault\u00bb border_color_all=\u00bb#3c3a36&#8243; global_colors_info=\u00bb{}\u00bb open=\u00bboff\u00bb]<\/p>\n<p><strong><em>Puede<\/em><\/strong>\u00a0ayudar con todos los s\u00edntomas, porque el Realineamiento Espiritual act\u00faa en las causas de la \u201cenfermedad\u201d, en los momentos de la vida, en los acontecimientos que alguna vez se han manifestado por primera vez.<\/p>\n<p>[\/et_pb_accordion_item][et_pb_accordion_item title=\u00bb\u00bfA partir de qu\u00e9 edad y hasta que edad es adecuado el Realineamiento Espiritual?\u00bb _builder_version=\u00bb4.21.0&#8243; _module_preset=\u00bbdefault\u00bb global_colors_info=\u00bb{}\u00bb open=\u00bboff\u00bb]<\/p>\n<p>\u00a1En todas las edades, tambi\u00e9n preventivamente! Lo recomendamos en el embarazo, en la etapa prenatal, hasta una edad avanzada.<\/p>\n<p>[\/et_pb_accordion_item][et_pb_accordion_item title=\u00bb\u00bfCu\u00e1nto tiempo dura el efecto el Realineamiento Espiritual?\u00bb _builder_version=\u00bb4.21.0&#8243; _module_preset=\u00bbdefault\u00bb global_colors_info=\u00bb{}\u00bb open=\u00bboff\u00bb]<\/p>\n<p>El Realineamiento Espiritual es un Redireccionamiento Divino con el impulso de la autosanaci\u00f3n y el efecto es por lo tanto permanente.<\/p>\n<p>[\/et_pb_accordion_item][et_pb_accordion_item title=\u00bb\u00bfCu\u00e1nto tiempo dura un tratamiento?\u00bb _builder_version=\u00bb4.21.0&#8243; _module_preset=\u00bbdefault\u00bb global_colors_info=\u00bb{}\u00bb open=\u00bboff\u00bb]<\/p>\n<p>El D\u00eda de la Sanaci\u00f3n nos tomamos todo el tiempo que individualmente sea necesario para cada uno. Por eso les rogamos que vengan con suficiente tiempo al D\u00eda de la Sanaci\u00f3n. La introducci\u00f3n e iniciaci\u00f3n en el Realineamiento Espiritual se realiza en un peque\u00f1o grupo (m\u00e1ximo 10 personas) y los tratamientos son personales e individuales. El orden de los tratamientos se determina por el orden de las solicitudes y conformidades por correo electr\u00f3nico. Por favor venga con tiempo, el D\u00eda de la Sanaci\u00f3n dura de 4 a 5 horas.\u00a0<a href=\"https:\/\/elkunoviz.org\/es\/dias-de-sanacion\/\">M\u00e1s sobre esto para su planificaci\u00f3n\u2026<\/a><\/p>\n<p>[\/et_pb_accordion_item][et_pb_accordion_item title=\u00bb\u00bfCu\u00e1nto cuesta el tratamiento?\u00bb _builder_version=\u00bb4.21.0&#8243; _module_preset=\u00bbdefault\u00bb global_colors_info=\u00bb{}\u00bb open=\u00bboff\u00bb]<\/p>\n<p><a href=\"https:\/\/elkunoviz.org\/es\/behandlung-buchen\/\">Book Your Healing Offer<\/a><\/p>\n<p>[\/et_pb_accordion_item][et_pb_accordion_item title=\u00bbUsted habla de Dios. \u00bfCuando acude a ustedes, debe uno creer en Dios o en la curaci\u00f3n?\u00bb _builder_version=\u00bb4.21.0&#8243; _module_preset=\u00bbdefault\u00bb global_colors_info=\u00bb{}\u00bb open=\u00bboff\u00bb]<\/p>\n<p>No\u2026. No es necesario creer en un poder superior, pero es \u00fatil si usted cree en un DIOS, sin importar el nombre al que usted le d\u00e9. Todos experimentan diferente a la Sanaci\u00f3n y a la experiencia de Dios en el Realineamiento Espiritual. \u00a1Despu\u00e9s, uno cree porqu\u00e9 ha visto!<\/p>\n<p>[\/et_pb_accordion_item][et_pb_accordion_item title=\u00bb\u00bfSu m\u00e9todo de tratamiento est\u00e1 ligado a una religi\u00f3n o creencia?\u00bb _builder_version=\u00bb4.21.0&#8243; _module_preset=\u00bbdefault\u00bb global_colors_info=\u00bb{}\u00bb open=\u00bboff\u00bb]<\/p>\n<p>No.<\/p>\n<p>[\/et_pb_accordion_item][et_pb_accordion_item title=\u00bb\u00bfSu tratamiento tambi\u00e9n ayuda si uno ya ha sido operado y tiene articulaciones artificiales as\u00ed como una fusi\u00f3n espinal?\u00bb _builder_version=\u00bb4.21.0&#8243; _module_preset=\u00bbdefault\u00bb global_colors_info=\u00bb{}\u00bb open=\u00bboff\u00bb]<\/p>\n<p>Si.\u00a0<a href=\"https:\/\/elkunoviz.org\/es\/dias-de-sanacion\/\">Aqu\u00ed puede leer m\u00e1s informaciones\u2026<\/a><\/p>\n<p>[\/et_pb_accordion_item][et_pb_accordion_item title=\u00bb\u00bfC\u00f3mo obtengo una hora para el tratamiento?\u00bb _builder_version=\u00bb4.21.0&#8243; _module_preset=\u00bbdefault\u00bb global_colors_info=\u00bb{}\u00bb open=\u00bboff\u00bb]<\/p>\n<p><a href=\"https:\/\/elkunoviz.org\/es\/behandlung-buchen\/\">Book Your Healing Offer<\/a><\/p>\n<p>[\/et_pb_accordion_item][et_pb_accordion_item title=\u00bbPuedo traer un acompa\u00f1ante el d\u00eda de la sanaci\u00f3n?\u00bb _builder_version=\u00bb4.21.0&#8243; _module_preset=\u00bbdefault\u00bb global_colors_info=\u00bb{}\u00bb open=\u00bboff\u00bb]<\/p>\n<p>Los acompa\u00f1antes siempre son bienvenidos.\u00a0<a href=\"https:\/\/elkunoviz.org\/es\/dias-de-sanacion\/\">M\u00e1s sobre su acompa\u00f1ante\u2026<\/a><\/p>\n<p>[\/et_pb_accordion_item][et_pb_accordion_item title=\u00bb\u00bfPuedo traer mi mascota el d\u00eda del tratamiento?\u00bb _builder_version=\u00bb4.21.0&#8243; _module_preset=\u00bbdefault\u00bb global_colors_info=\u00bb{}\u00bb open=\u00bboff\u00bb]<\/p>\n<p>No. Los animales por principio son solo tratados a distancia.\u00a0<a href=\"https:\/\/elkunoviz.org\/es\/tratamiento-de-animales\/\">Enseguida m\u00e1s informaci\u00f3n\u2026<\/a><\/p>\n<p>[\/et_pb_accordion_item][et_pb_accordion_item title=\u00bb\u00bfQu\u00e9 debo tener en cuenta durante el d\u00eda de la sanaci\u00f3n?\u00bb _builder_version=\u00bb4.21.0&#8243; _module_preset=\u00bbdefault\u00bb global_colors_info=\u00bb{}\u00bb open=\u00bboff\u00bb]<\/p>\n<p>El D\u00eda de la Sanaci\u00f3n es importante que sea puntual y que est\u00e9 15 minutos antes de empezar la conferencia para inscribirse. Por favor no est\u00e9 bajo los efectos de alcohol o drogas. Si toma sicof\u00e1rmacos, inf\u00f3rmenos con antelaci\u00f3n.<br \/>En el Centro de Sanaci\u00f3n hay pantuflas disponibles, usted tambi\u00e9n puede traer las suyas.<\/p>\n<p>[\/et_pb_accordion_item][et_pb_accordion_item title=\u00bb\u00bfPuedo tomar un tratamiento adicional en una fecha posterior?\u00bb _builder_version=\u00bb4.21.0&#8243; _module_preset=\u00bbdefault\u00bb global_colors_info=\u00bb{}\u00bb open=\u00bboff\u00bb]<\/p>\n<p>En un D\u00eda de la Sanaci\u00f3n puede inscribirse para un tratamiento adicional si tiene la impresi\u00f3n de que esto es necesario.<\/p>\n<p>[\/et_pb_accordion_item][et_pb_accordion_item title=\u00bbDespu\u00e9s del Realineamiento Espiritual me sent\u00ed aliviado y libre de dolores y ahora, una semana despu\u00e9s comienzan los dolores otra vez. Adem\u00e1s tengo la impresi\u00f3n de que no estoy derecho otra vez. \u00bfQu\u00e9 puedo hacer?\u00bb _builder_version=\u00bb4.21.0&#8243; _module_preset=\u00bbdefault\u00bb global_colors_info=\u00bb{}\u00bb open=\u00bboff\u00bb]<\/p>\n<p>El Realineamiento\u00a0<strong><em>Espiritual<\/em>\u00a0<\/strong>y simult\u00e1neamente el Realineamiento\u00a0<strong>Divino\u00a0<\/strong>acontece de cualquier manera y es permanente, por lo tanto \u00a1su postura no puede ser incorrecta otra vez! El dolor es debido a la resistencia interna al cambio. Por favor recuerde la charla preliminar el D\u00eda de la Sanaci\u00f3n y nuestra informaci\u00f3n y lea tambi\u00e9n con atenci\u00f3n la respuesta a nuestra \u00faltima pregunta. Si tiene la impresi\u00f3n de que es necesario, pida hora para un tratamiento adicional.<\/p>\n<p>[\/et_pb_accordion_item][et_pb_accordion_item title=\u00bb\u00bfQu\u00e9 puedo hacer yo mismo despu\u00e9s del Realineamiento Espiritual?\u00bb _builder_version=\u00bb4.21.0&#8243; _module_preset=\u00bbdefault\u00bb global_colors_info=\u00bb{}\u00bb open=\u00bboff\u00bb]<\/p>\n<p>Si usted ha sufrido dolor durante mucho tiempo y despu\u00e9s del tratamiento no los tiene m\u00e1s, no debe comenzar inmediatamente con trabajos pesados y actividades que sobrecarguen al cuerpo. Trate de tener pensamientos sanos, una dieta saludable y en lo posible de estar libre de estr\u00e9s y preocupaciones.<\/p>\n<p>Hay varias maneras de trabajar en el propio desarrollo espiritual. Incluya los siguientes puntos en su vida y comience con lo que le sea m\u00e1s f\u00e1cil.<\/p>\n<ul>\n<li><strong>Preste atenci\u00f3n a las decisiones de la vida cotidiana<\/strong>, somos Seres Luminosos libres y co-creadores. Cada acci\u00f3n conlleva una reacci\u00f3n, es la ley de causa y efecto. Cuando una persona se orienta hacia los valores positivos y dignos de vivir en la vida, no s\u00f3lo contribuye al bien para s\u00ed mismo, sino tambi\u00e9n al de su comunidad y colectivo.<\/li>\n<li>Vivir de acuerdo a las\u00a0<strong>leyes\u00a0<em>espirituales<\/em><\/strong><\/li>\n<li><strong>Oraci\u00f3n \/ Afirmaciones<\/strong>\u00a0\u2013 Gratitud por lo que ya ha surgido y rogar en la oraci\u00f3n por lo que uno busca.<\/li>\n<li><strong>Meditaci\u00f3n<\/strong>,calmar el esp\u00edritu a trav\u00e9s de ejercicios de concentraci\u00f3n y atenci\u00f3n para lograr el vac\u00edo. Estar en unidad con Dios.<\/li>\n<li><strong>Vivir sin estr\u00e9s:<\/strong>\u00a0es decir, concentrarse en lo esencial y separarse cada vez m\u00e1s de tareas, cosas y personas que ya no concuerdan o coinciden con nosotros.<\/li>\n<li><strong>Lecturas espirituales:<\/strong>\u00a0Los siguientes libros son \u00fatiles para los puntos anteriores: \u201cSalud como camino hacia uno mismo\u201d y \u201c3-Heilung\u00ae\u201d de Carolin y Alexander Toskar.<\/li>\n<li>Si lo desea usted puede\u00a0<strong>aprender la sanaci\u00f3n espiritual<\/strong>,en nuestros seminarios con el fin de activar cada vez m\u00e1s sus propios poderes de auto-curaci\u00f3n.\u00a0<a href=\"https:\/\/elkunoviz.org\/es\/formacion-de-sanador-espiritual\/\">Para m\u00e1s informaci\u00f3n haga clic aqu\u00ed\u2026<\/a><\/li>\n<li><strong>Cambiar la dieta<\/strong>,, para comer nuevamente comida viva. En lo posible lib\u00e9rese del consumo de alimentos desnaturalizados. Adem\u00e1s, hay, por supuesto, especialistas en nutrici\u00f3n que pueden desarrollar un concepto ideal de acuerdo a sus necesidades. Definitivamente vale la pena tratar este tema, los nutrientes que ingerimos son los componentes vivientes de nuestro organismo.<\/li>\n<li><strong>Actividad f\u00edsica regularmente:<\/strong>\u00a0el cuerpo ha sido creado de tal manera que necesita movimiento para mantenerse saludable. Es mejor elegir una actividad f\u00edsica que usted disfrute, usted cumplir\u00e1 con facilidad con la disciplina y la regularidad. Esto tambi\u00e9n le puede dar la oportunidad de conocer a personas que tienen los mismos intereses que usted. La vida social se fortalece de una manera saludable. Aqu\u00ed tambi\u00e9n hay personas capacitadas para cada actividad f\u00edsica que pueden ayudarle en su camino hacia una actividad saludable.<\/li>\n<\/ul>\n<p>[\/et_pb_accordion_item][\/et_pb_accordion][\/et_pb_column][\/et_pb_row][\/et_pb_section][et_pb_section fb_built=\u00bb1&#8243; _builder_version=\u00bb4.21.0&#8243; _module_preset=\u00bb73e3f740-8efa-4583-b8bd-c2faeea8dfca\u00bb transparent_background=\u00bboff\u00bb make_fullwidth=\u00bboff\u00bb use_custom_width=\u00bboff\u00bb width_unit=\u00bbon\u00bb saved_tabs=\u00bball\u00bb global_colors_info=\u00bb{}\u00bb global_module=\u00bb11582&#8243; theme_builder_area=\u00bbpost_content\u00bb][et_pb_row column_structure=\u00bb2_3,1_3&#8243; _builder_version=\u00bb4.21.0&#8243; background_size=\u00bbinitial\u00bb background_position=\u00bbtop_left\u00bb background_repeat=\u00bbrepeat\u00bb min_height=\u00bb64.2px\u00bb custom_padding=\u00bb0px|||||\u00bb global_colors_info=\u00bb{}\u00bb theme_builder_area=\u00bbpost_content\u00bb][et_pb_column type=\u00bb2_3&#8243; _builder_version=\u00bb4.21.0&#8243; custom_padding=\u00bb|||\u00bb global_colors_info=\u00bb{}\u00bb custom_padding__hover=\u00bb|||\u00bb theme_builder_area=\u00bbpost_content\u00bb][et_pb_text _builder_version=\u00bb4.21.0&#8243; _module_preset=\u00bbdefault\u00bb text_text_color=\u00bb#FFFFFF\u00bb header_4_text_color=\u00bb#f4e2f5&#8243; background_layout=\u00bbdark\u00bb global_colors_info=\u00bb{}\u00bb theme_builder_area=\u00bbpost_content\u00bb]<\/p>\n<h2 class=\"h2--newsletter\">Unser Newsletter f\u00fcr den achtsamen Alltag<\/h2>\n<p>Der Newsletter f\u00fcr heilsame Impulse f\u00fcr den Alltag, Inspirationen zu spirituellen Themen und Erinnerungen f\u00fcr Termine f\u00fcr Heiltage &amp; Veranstaltungen wird Dich in unregelm\u00e4\u00dfigen Abst\u00e4nden \u00fcber Neuigkeiten zu unserem berichten. Bitte trag Dich in unseren Newsletter ein, Du kannst Dich jederzeit formlos, z.B. \u00fcber einen Link in dem Newsletter, wieder abmelden.<\/p>\n<p>[\/et_pb_text][\/et_pb_column][et_pb_column type=\u00bb1_3&#8243; _builder_version=\u00bb4.16&#8243; custom_padding=\u00bb|||\u00bb global_colors_info=\u00bb{}\u00bb custom_padding__hover=\u00bb|||\u00bb theme_builder_area=\u00bbpost_content\u00bb][et_pb_code module_class=\u00bbnewsletter-form\u00bb _builder_version=\u00bb4.21.0&#8243; global_colors_info=\u00bb{}\u00bb theme_builder_area=\u00bbpost_content\u00bb]<pee><script>(function() {\n\twindow.mc4wp = window.mc4wp || {\n\t\tlisteners: [],\n\t\tforms: {\n\t\t\ton: function(evt, cb) {\n\t\t\t\twindow.mc4wp.listeners.push(\n\t\t\t\t\t{\n\t\t\t\t\t\tevent   : evt,\n\t\t\t\t\t\tcallback: cb\n\t\t\t\t\t}\n\t\t\t\t);\n\t\t\t}\n\t\t}\n\t}\n})();\n<\/script><!-- Mailchimp for WordPress v4.12.1 - https:\/\/wordpress.org\/plugins\/mailchimp-for-wp\/ --><form id=\"mc4wp-form-1\" class=\"mc4wp-form mc4wp-form-377 mc4wp-ajax\" method=\"post\" data-id=\"377\" data-name=\"Elkunoviz Newsletter DE\" ><div class=\"mc4wp-form-fields\"><div><input type=\"text\" name=\"FNAME\" placeholder=\"Name\"><\/div>\r\n<div><input type=\"email\" name=\"email\" placeholder=\"E-Mail Adresse\" required \/><\/div>\r\n\r\n<div class=\"mc4wp-dropdown-wrapper\">\r\n  <label for=\"language-select\">Sprache:<\/label>\r\n  <select name=\"INTERESTS[00ce8103c5]\" id=\"language-select\" required=\"\">\r\n    <option value=\"bb411d99f7\" selected=\"true\">Deutsch<\/option>\r\n    <option value=\"0b2ad157c6\">English<\/option>\r\n    <option value=\"5f9c1fe271\">\u0420\u0443\u0441\u0441\u043a\u0438\u0439<\/option>\r\n    <option value=\"7fdafb1d82\">Italiano<\/option>\r\n    <option value=\"87669c16a0\">Espa\u00f1ol<\/option>\r\n    <option value=\"aa3889186a\">Latvie\u0161u<\/option>\r\n    <option value=\"d0c9f01167\">Lietuvos<\/option>\r\n  <\/select>\r\n<\/div>\r\n\r\n<fieldset>\r\n    <legend class=\"mc4wp-legend\">Interessen:<\/legend>\r\n    <label>\r\n        <input type=\"checkbox\" name=\"INTERESTS[c247eb75b8][]\" value=\"cb344cfb20\"> <span>Impulse f\u00fcr den Tag<\/span>\r\n    <\/label>\r\n    <label>\r\n        <input type=\"checkbox\" name=\"INTERESTS[c247eb75b8][]\" value=\"1ee1f1c268\"> <span>News<\/span>\r\n    <\/label>\r\n    <label>\r\n        <input type=\"checkbox\" name=\"INTERESTS[c247eb75b8][]\" value=\"68c933c223\"> <span>Seminare<\/span>\r\n    <\/label>\r\n    <label>\r\n        <input type=\"checkbox\" name=\"INTERESTS[c247eb75b8][]\" value=\"d71259545e\"> <span>Behandlungen<\/span>\r\n    <\/label>\r\n    <label>\r\n        <input type=\"checkbox\" name=\"INTERESTS[c247eb75b8][]\" value=\"5110647ad5\"> <span>Tierbehandlung<\/span>\r\n    <\/label>\r\n<\/fieldset>\r\n\r\n<input type=\"submit\" class=\"newsletter__submit\" value=\"Newsletter abonnieren\" \/>\r\n<\/div><label style=\"display: none !important;\">Deja vac\u00edo este campo si eres humano: <input type=\"text\" name=\"_mc4wp_honeypot\" value=\"\" tabindex=\"-1\" autocomplete=\"off\" \/><\/label><input type=\"hidden\" name=\"_mc4wp_timestamp\" value=\"1777442672\" \/><input type=\"hidden\" name=\"_mc4wp_form_id\" value=\"377\" \/><input type=\"hidden\" name=\"_mc4wp_form_element_id\" value=\"mc4wp-form-1\" \/><div class=\"mc4wp-response\"><\/div><\/form><!-- \/ Mailchimp for WordPress Plugin --><\/pee>[\/et_pb_code][\/et_pb_column][\/et_pb_row][\/et_pb_section]<\/p>\n","protected":false},"excerpt":{"rendered":"<p>PMF PMF \u2013 Preguntas m\u00e1s frecuentes Die Geistige Aufrichtung ist eine alternative Heilmethode und die Grundlage f\u00fcr eine allumfassende Heilwerdung\/Genesung auf allen Ebenen unseres Seins. Hier weiterlesen&#8230; El Realineamiento Espiritual es un m\u00e9todo de sanaci\u00f3n alternativo y la base para una sanaci\u00f3n \/ recuperaci\u00f3n integral en todos los niveles de nuestro ser.\u00a0Leer m\u00e1s \u2026El Realineamiento [&hellip;]<\/p>\n","protected":false},"author":8,"featured_media":0,"parent":0,"menu_order":0,"comment_status":"closed","ping_status":"closed","template":"","meta":{"_et_pb_use_builder":"on","_et_pb_old_content":"","_et_gb_content_width":"","inline_featured_image":false,"footnotes":""},"class_list":["post-1636","page","type-page","status-publish","hentry"],"yoast_head":"<!-- This site is optimized with the Yoast SEO plugin v27.4 - https:\/\/yoast.com\/product\/yoast-seo-wordpress\/ -->\n<title>FAQ \u2022 Geistige Aufrichtung\u00ae \u2022 Heilbehandlung Berlin \u2022 Pjotr Elkunoviz<\/title>\n<meta name=\"description\" content=\"Hier finden Sie Antworten auf alle Fragen rund um die geistige Aufrichtung\u00ae, unsere Heilbehandlung und die Heiltage bei Charlene &amp; Pjotr Elkunoviz.\" \/>\n<meta name=\"robots\" content=\"index, follow, max-snippet:-1, max-image-preview:large, max-video-preview:-1\" \/>\n<link rel=\"canonical\" href=\"https:\/\/elkunoviz.org\/es\/pmf\/\" \/>\n<meta property=\"og:locale\" content=\"es_ES\" \/>\n<meta property=\"og:type\" content=\"article\" \/>\n<meta property=\"og:title\" content=\"FAQ \u2022 Geistige Aufrichtung\u00ae \u2022 Heilbehandlung Berlin \u2022 Pjotr Elkunoviz\" \/>\n<meta property=\"og:description\" content=\"Hier finden Sie Antworten auf alle Fragen rund um die geistige Aufrichtung\u00ae, unsere Heilbehandlung und die Heiltage bei Charlene &amp; Pjotr Elkunoviz.\" \/>\n<meta property=\"og:url\" content=\"https:\/\/elkunoviz.org\/es\/pmf\/\" \/>\n<meta property=\"og:site_name\" content=\"Elkunoviz\" \/>\n<meta property=\"article:publisher\" content=\"https:\/\/www.facebook.com\/Elkunoviz\/\" \/>\n<meta property=\"article:modified_time\" content=\"2023-08-16T04:49:31+00:00\" \/>\n<meta name=\"twitter:card\" content=\"summary_large_image\" \/>\n<meta name=\"twitter:label1\" content=\"Tiempo de lectura\" \/>\n\t<meta name=\"twitter:data1\" content=\"10 minutos\" \/>\n<script type=\"application\/ld+json\" class=\"yoast-schema-graph\">{\"@context\":\"https:\\\/\\\/schema.org\",\"@graph\":[{\"@type\":\"WebPage\",\"@id\":\"https:\\\/\\\/elkunoviz.org\\\/es\\\/pmf\\\/\",\"url\":\"https:\\\/\\\/elkunoviz.org\\\/es\\\/pmf\\\/\",\"name\":\"FAQ \u2022 Geistige Aufrichtung\u00ae \u2022 Heilbehandlung Berlin \u2022 Pjotr Elkunoviz\",\"isPartOf\":{\"@id\":\"https:\\\/\\\/elkunoviz.org\\\/es\\\/#website\"},\"datePublished\":\"2017-05-04T10:29:27+00:00\",\"dateModified\":\"2023-08-16T04:49:31+00:00\",\"description\":\"Hier finden Sie Antworten auf alle Fragen rund um die geistige Aufrichtung\u00ae, unsere Heilbehandlung und die Heiltage bei Charlene & Pjotr Elkunoviz.\",\"breadcrumb\":{\"@id\":\"https:\\\/\\\/elkunoviz.org\\\/es\\\/pmf\\\/#breadcrumb\"},\"inLanguage\":\"es\",\"potentialAction\":[{\"@type\":\"ReadAction\",\"target\":[\"https:\\\/\\\/elkunoviz.org\\\/es\\\/pmf\\\/\"]}]},{\"@type\":\"BreadcrumbList\",\"@id\":\"https:\\\/\\\/elkunoviz.org\\\/es\\\/pmf\\\/#breadcrumb\",\"itemListElement\":[{\"@type\":\"ListItem\",\"position\":1,\"name\":\"Home\",\"item\":\"https:\\\/\\\/elkunoviz.org\\\/es\\\/\"},{\"@type\":\"ListItem\",\"position\":2,\"name\":\"PMF\"}]},{\"@type\":\"WebSite\",\"@id\":\"https:\\\/\\\/elkunoviz.org\\\/es\\\/#website\",\"url\":\"https:\\\/\\\/elkunoviz.org\\\/es\\\/\",\"name\":\"Elkunoviz\",\"description\":\"Allumfassende Heilung\",\"publisher\":{\"@id\":\"https:\\\/\\\/elkunoviz.org\\\/es\\\/#organization\"},\"potentialAction\":[{\"@type\":\"SearchAction\",\"target\":{\"@type\":\"EntryPoint\",\"urlTemplate\":\"https:\\\/\\\/elkunoviz.org\\\/es\\\/?s={search_term_string}\"},\"query-input\":{\"@type\":\"PropertyValueSpecification\",\"valueRequired\":true,\"valueName\":\"search_term_string\"}}],\"inLanguage\":\"es\"},{\"@type\":\"Organization\",\"@id\":\"https:\\\/\\\/elkunoviz.org\\\/es\\\/#organization\",\"name\":\"Pjotr Elkunoviz \u2013 Allumfassende Heilung durch den Geist\",\"url\":\"https:\\\/\\\/elkunoviz.org\\\/es\\\/\",\"logo\":{\"@type\":\"ImageObject\",\"inLanguage\":\"es\",\"@id\":\"https:\\\/\\\/elkunoviz.org\\\/es\\\/#\\\/schema\\\/logo\\\/image\\\/\",\"url\":\"https:\\\/\\\/elkunoviz.org\\\/wp-content\\\/uploads\\\/2023\\\/07\\\/logo.png\",\"contentUrl\":\"https:\\\/\\\/elkunoviz.org\\\/wp-content\\\/uploads\\\/2023\\\/07\\\/logo.png\",\"width\":192,\"height\":194,\"caption\":\"Pjotr Elkunoviz \u2013 Allumfassende Heilung durch den Geist\"},\"image\":{\"@id\":\"https:\\\/\\\/elkunoviz.org\\\/es\\\/#\\\/schema\\\/logo\\\/image\\\/\"},\"sameAs\":[\"https:\\\/\\\/www.facebook.com\\\/Elkunoviz\\\/\",\"https:\\\/\\\/www.youtube.com\\\/channel\\\/UCrSjEuxgm3q8hGCVX3CG5vg\"]}]}<\/script>\n<!-- \/ Yoast SEO plugin. -->","yoast_head_json":{"title":"FAQ \u2022 Geistige Aufrichtung\u00ae \u2022 Heilbehandlung Berlin \u2022 Pjotr Elkunoviz","description":"Hier finden Sie Antworten auf alle Fragen rund um die geistige Aufrichtung\u00ae, unsere Heilbehandlung und die Heiltage bei Charlene & Pjotr Elkunoviz.","robots":{"index":"index","follow":"follow","max-snippet":"max-snippet:-1","max-image-preview":"max-image-preview:large","max-video-preview":"max-video-preview:-1"},"canonical":"https:\/\/elkunoviz.org\/es\/pmf\/","og_locale":"es_ES","og_type":"article","og_title":"FAQ \u2022 Geistige Aufrichtung\u00ae \u2022 Heilbehandlung Berlin \u2022 Pjotr Elkunoviz","og_description":"Hier finden Sie Antworten auf alle Fragen rund um die geistige Aufrichtung\u00ae, unsere Heilbehandlung und die Heiltage bei Charlene & Pjotr Elkunoviz.","og_url":"https:\/\/elkunoviz.org\/es\/pmf\/","og_site_name":"Elkunoviz","article_publisher":"https:\/\/www.facebook.com\/Elkunoviz\/","article_modified_time":"2023-08-16T04:49:31+00:00","twitter_card":"summary_large_image","twitter_misc":{"Tiempo de lectura":"10 minutos"},"schema":{"@context":"https:\/\/schema.org","@graph":[{"@type":"WebPage","@id":"https:\/\/elkunoviz.org\/es\/pmf\/","url":"https:\/\/elkunoviz.org\/es\/pmf\/","name":"FAQ \u2022 Geistige Aufrichtung\u00ae \u2022 Heilbehandlung Berlin \u2022 Pjotr Elkunoviz","isPartOf":{"@id":"https:\/\/elkunoviz.org\/es\/#website"},"datePublished":"2017-05-04T10:29:27+00:00","dateModified":"2023-08-16T04:49:31+00:00","description":"Hier finden Sie Antworten auf alle Fragen rund um die geistige Aufrichtung\u00ae, unsere Heilbehandlung und die Heiltage bei Charlene & Pjotr Elkunoviz.","breadcrumb":{"@id":"https:\/\/elkunoviz.org\/es\/pmf\/#breadcrumb"},"inLanguage":"es","potentialAction":[{"@type":"ReadAction","target":["https:\/\/elkunoviz.org\/es\/pmf\/"]}]},{"@type":"BreadcrumbList","@id":"https:\/\/elkunoviz.org\/es\/pmf\/#breadcrumb","itemListElement":[{"@type":"ListItem","position":1,"name":"Home","item":"https:\/\/elkunoviz.org\/es\/"},{"@type":"ListItem","position":2,"name":"PMF"}]},{"@type":"WebSite","@id":"https:\/\/elkunoviz.org\/es\/#website","url":"https:\/\/elkunoviz.org\/es\/","name":"Elkunoviz","description":"Allumfassende Heilung","publisher":{"@id":"https:\/\/elkunoviz.org\/es\/#organization"},"potentialAction":[{"@type":"SearchAction","target":{"@type":"EntryPoint","urlTemplate":"https:\/\/elkunoviz.org\/es\/?s={search_term_string}"},"query-input":{"@type":"PropertyValueSpecification","valueRequired":true,"valueName":"search_term_string"}}],"inLanguage":"es"},{"@type":"Organization","@id":"https:\/\/elkunoviz.org\/es\/#organization","name":"Pjotr Elkunoviz \u2013 Allumfassende Heilung durch den Geist","url":"https:\/\/elkunoviz.org\/es\/","logo":{"@type":"ImageObject","inLanguage":"es","@id":"https:\/\/elkunoviz.org\/es\/#\/schema\/logo\/image\/","url":"https:\/\/elkunoviz.org\/wp-content\/uploads\/2023\/07\/logo.png","contentUrl":"https:\/\/elkunoviz.org\/wp-content\/uploads\/2023\/07\/logo.png","width":192,"height":194,"caption":"Pjotr Elkunoviz \u2013 Allumfassende Heilung durch den Geist"},"image":{"@id":"https:\/\/elkunoviz.org\/es\/#\/schema\/logo\/image\/"},"sameAs":["https:\/\/www.facebook.com\/Elkunoviz\/","https:\/\/www.youtube.com\/channel\/UCrSjEuxgm3q8hGCVX3CG5vg"]}]}},"_links":{"self":[{"href":"https:\/\/elkunoviz.org\/es\/wp-json\/wp\/v2\/pages\/1636","targetHints":{"allow":["GET"]}}],"collection":[{"href":"https:\/\/elkunoviz.org\/es\/wp-json\/wp\/v2\/pages"}],"about":[{"href":"https:\/\/elkunoviz.org\/es\/wp-json\/wp\/v2\/types\/page"}],"author":[{"embeddable":true,"href":"https:\/\/elkunoviz.org\/es\/wp-json\/wp\/v2\/users\/8"}],"replies":[{"embeddable":true,"href":"https:\/\/elkunoviz.org\/es\/wp-json\/wp\/v2\/comments?post=1636"}],"version-history":[{"count":3,"href":"https:\/\/elkunoviz.org\/es\/wp-json\/wp\/v2\/pages\/1636\/revisions"}],"predecessor-version":[{"id":12821,"href":"https:\/\/elkunoviz.org\/es\/wp-json\/wp\/v2\/pages\/1636\/revisions\/12821"}],"wp:attachment":[{"href":"https:\/\/elkunoviz.org\/es\/wp-json\/wp\/v2\/media?parent=1636"}],"curies":[{"name":"wp","href":"https:\/\/api.w.org\/{rel}","templated":true}]}}