{"id":2279,"date":"2017-12-14T09:10:03","date_gmt":"2017-12-14T09:10:03","guid":{"rendered":"http:\/\/elkunoviz.org\/?page_id=2279"},"modified":"2023-08-15T21:55:10","modified_gmt":"2023-08-15T19:55:10","slug":"piotro-elkunoviciaus-gydymo-budas","status":"publish","type":"page","link":"https:\/\/elkunoviz.org\/lt\/piotro-elkunoviciaus-gydymo-budas\/","title":{"rendered":"Piotro Elkunovi\u010diaus gydymo b\u016bdas"},"content":{"rendered":"<p>[et_pb_section fb_built=&#8221;1&#8243; admin_label=&#8221;section&#8221; _builder_version=&#8221;4.16&#8243; custom_padding=&#8221;||2px|||&#8221; global_colors_info=&#8221;{}&#8221;][et_pb_row admin_label=&#8221;row&#8221; _builder_version=&#8221;4.21.0&#8243; background_size=&#8221;initial&#8221; background_position=&#8221;top_left&#8221; background_repeat=&#8221;repeat&#8221; max_width=&#8221;900px&#8221; global_colors_info=&#8221;{}&#8221;][et_pb_column type=&#8221;4_4&#8243; _builder_version=&#8221;4.16&#8243; custom_padding=&#8221;|||&#8221; global_colors_info=&#8221;{}&#8221; custom_padding__hover=&#8221;|||&#8221;][et_pb_text admin_label=&#8221;Title&#8221; _builder_version=&#8221;4.16&#8243; background_size=&#8221;initial&#8221; background_position=&#8221;top_left&#8221; background_repeat=&#8221;repeat&#8221; use_border_color=&#8221;off&#8221; border_color=&#8221;#ffffff&#8221; border_style=&#8221;solid&#8221; global_colors_info=&#8221;{}&#8221;]<\/p>\n<h1>Piotro Elkunovi\u010diaus gydymo b\u016bdas<\/h1>\n<p>[\/et_pb_text][et_pb_image src=&#8221;https:\/\/elkunoviz.org\/wp-content\/uploads\/2023\/07\/elk_heilweise1.jpg&#8221; alt=&#8221;Geistige Aufrichtung Urheber&#8221; title_text=&#8221;elk_heilweise1&#8243; align_tablet=&#8221;center&#8221; align_phone=&#8221;center&#8221; align_last_edited=&#8221;on|desktop&#8221; admin_label=&#8221;Image&#8221; _builder_version=&#8221;4.21.0&#8243; use_border_color=&#8221;off&#8221; border_color=&#8221;#ffffff&#8221; border_style=&#8221;solid&#8221; animation=&#8221;off&#8221; sticky=&#8221;off&#8221; always_center_on_mobile=&#8221;on&#8221; global_colors_info=&#8221;{}&#8221;][\/et_pb_image][\/et_pb_column][\/et_pb_row][\/et_pb_section][et_pb_section fb_built=&#8221;1&#8243; admin_label=&#8221;Section&#8221; _builder_version=&#8221;4.16&#8243; custom_padding=&#8221;0px|||&#8221; transparent_background=&#8221;off&#8221; make_fullwidth=&#8221;off&#8221; use_custom_width=&#8221;off&#8221; width_unit=&#8221;on&#8221; global_colors_info=&#8221;{}&#8221;][et_pb_row admin_label=&#8221;Row&#8221; _builder_version=&#8221;4.21.0&#8243; background_size=&#8221;initial&#8221; background_position=&#8221;top_left&#8221; background_repeat=&#8221;repeat&#8221; max_width=&#8221;780px&#8221; custom_padding=&#8221;0px|||&#8221; make_fullwidth=&#8221;off&#8221; use_custom_width=&#8221;off&#8221; width_unit=&#8221;on&#8221; global_colors_info=&#8221;{}&#8221;][et_pb_column type=&#8221;4_4&#8243; _builder_version=&#8221;4.16&#8243; custom_padding=&#8221;|||&#8221; global_colors_info=&#8221;{}&#8221; custom_padding__hover=&#8221;|||&#8221;][et_pb_text admin_label=&#8221;Einleitung&#8221; _builder_version=&#8221;4.16&#8243; background_size=&#8221;initial&#8221; background_position=&#8221;top_left&#8221; background_repeat=&#8221;repeat&#8221; use_border_color=&#8221;off&#8221; border_color=&#8221;#ffffff&#8221; border_style=&#8221;solid&#8221; global_colors_info=&#8221;{}&#8221;]<\/p>\n<p>M\u016bs\u0173 planeta ir visa, kas joje gyva, yra pakilimo procese. \u0160is pakilimas jau yra pama\u017eu prasid\u0117j\u0119s ir vienu ar kitu b\u016bdu jis vystysis toliau, nes tai yra visaapiman\u010dios b\u016bties \u0160ALTINIO valia. Tas procesas pakeis \u017emogaus dvasi\u0105 ir fizin\u012f k\u016bn\u0105 taip, kad kiekvienas \u017emogus gal\u0117s tapti \u0160VIESOS B\u016aTYBE.<\/p>\n<p>[\/et_pb_text][et_pb_text admin_label=&#8221;Headlines&#8221; _builder_version=&#8221;4.16&#8243; background_size=&#8221;initial&#8221; background_position=&#8221;top_left&#8221; background_repeat=&#8221;repeat&#8221; use_border_color=&#8221;off&#8221; border_color=&#8221;#ffffff&#8221; border_style=&#8221;solid&#8221; global_colors_info=&#8221;{}&#8221;]<\/p>\n<h4>Dvasinis i\u0161tiesinimas yra Dievi\u0161kosios tvarkos atstatymas, kuris atliekamas nuo 1989 met\u0173 iniciatoriaus \u200b<strong>PIOTRO ELKUNOVI\u010cIAUS<\/strong>\u00a0\u017emon\u0117ms ir gyv\u016bnams.<\/h4>\n<h4>Jo dvasinis darbas suk\u016br\u0117 pagrind\u0105 atsirasti\u00a0<strong>Naujai Evoliucijai!<\/strong><\/h4>\n<h4>Savo gyduolio geb\u0117jimais jis pildo Dievi\u0161k\u0105 plan\u0105.<\/h4>\n<p>[\/et_pb_text][et_pb_text admin_label=&#8221;Die Geistige Aufrichtung ist gleichzeitig die G\u00f6ttliche Ausrichtung&#8221; _builder_version=&#8221;4.16&#8243; background_size=&#8221;initial&#8221; background_position=&#8221;top_left&#8221; background_repeat=&#8221;repeat&#8221; use_border_color=&#8221;off&#8221; border_color=&#8221;#ffffff&#8221; border_style=&#8221;solid&#8221; global_colors_info=&#8221;{}&#8221;]<\/p>\n<p>Dvasinis i\u0161tiesinimas yra taip pat ir Dievi\u0161kas perdavimas \u2013 dovana i\u0161 dievo rank\u0173, nes ji turi visas dievi\u0161kas, tobulas Auk\u0161\u010diausiojo savybes ir bruo\u017eus. Tai yra prisik\u0117limo ciklas, kuriame visa, kas gyva, prasid\u0117s i\u0161 naujo ir su nauju suvokimu auk\u0161tesn\u0117s dimensijos pasaulyje.<\/p>\n<p>Daug \u017emoni\u0173 ken\u010dia nuo evoliucijos s\u0105lygotos netaisyklingos k\u016bno laikysenos : kreivas kaklas, skirtingo auk\u0161\u010dio pe\u010diai, nevienodos pad\u0117ties ment\u0117s , pakryp\u0119s ir pasisuk\u0119s stuburas, netaisykling dubens pad\u0117tis, skirtingo ilgio kojos . Tai yra i\u0161ori\u0161kai matomi po\u017eymiai.<\/p>\n<p>D\u0117l \u0161i\u0173 prie\u017eas\u010di\u0173 vieniems skauda nugar\u0105, kitiems \u2013 duben\u012f ar kelio s\u0105narius, skund\u017eiasi skausmais sprando srityje ir nugaros raumen\u0173 skausmais , \u0161irdies ritmo sutrikimais bei skausmu, vir\u0161kinimo sutrikimais, inkst\u0173 ligomis ir t.t.<br \/>\u017dmon\u0117s, varginami depresijos, galvos skausm\u0173 ir kraujotakos sutrikim\u0173\u00a0<strong>Piotro Elkunovi\u010diaus metodo<\/strong>\u200b pagalba irgi gali tik\u0117tis pager\u0117jimo.<\/p>\n<p>I\u0161 esm\u0117s visi \u0161ie negalavimai yra s\u0105lygoti netaisyklingos stuburo pad\u0117ties , kadangi su stuburu susieti visi \u017emogaus organai, valdymo centrai ir meridianai. Stuburas yra \u017emogaus gyvybinis kanalas , kuriame yra saugoma ir i\u0161spinduliuojama \u012f k\u016bn\u0105 visa informacija.<\/p>\n<p>[\/et_pb_text][\/et_pb_column][\/et_pb_row][\/et_pb_section][et_pb_section fb_built=&#8221;1&#8243; admin_label=&#8221;Section&#8221; _builder_version=&#8221;4.16&#8243; custom_padding=&#8221;0px|||&#8221; transparent_background=&#8221;off&#8221; make_fullwidth=&#8221;off&#8221; use_custom_width=&#8221;off&#8221; width_unit=&#8221;on&#8221; global_colors_info=&#8221;{}&#8221;][et_pb_row column_structure=&#8221;1_2,1_2&#8243; admin_label=&#8221;Row&#8221; _builder_version=&#8221;4.21.0&#8243; background_size=&#8221;initial&#8221; background_position=&#8221;top_left&#8221; background_repeat=&#8221;repeat&#8221; max_width=&#8221;900px&#8221; custom_padding=&#8221;0px|||&#8221; make_fullwidth=&#8221;off&#8221; use_custom_width=&#8221;off&#8221; width_unit=&#8221;on&#8221; global_colors_info=&#8221;{}&#8221;][et_pb_column type=&#8221;1_2&#8243; _builder_version=&#8221;4.16&#8243; custom_padding=&#8221;|||&#8221; global_colors_info=&#8221;{}&#8221; custom_padding__hover=&#8221;|||&#8221;][et_pb_image src=&#8221;https:\/\/elkunoviz.org\/wp-content\/uploads\/2023\/07\/elk_heilweise2.jpg&#8221; alt=&#8221;Geistige Aufrichtung durch Pjotr Elkunoviz&#8221; title_text=&#8221;elk_heilweise2&#8243; align_tablet=&#8221;center&#8221; align_phone=&#8221;center&#8221; align_last_edited=&#8221;on|desktop&#8221; admin_label=&#8221;Image&#8221; _builder_version=&#8221;4.21.0&#8243; use_border_color=&#8221;off&#8221; border_color=&#8221;#ffffff&#8221; border_style=&#8221;solid&#8221; animation=&#8221;off&#8221; sticky=&#8221;off&#8221; always_center_on_mobile=&#8221;on&#8221; global_colors_info=&#8221;{}&#8221;][\/et_pb_image][\/et_pb_column][et_pb_column type=&#8221;1_2&#8243; _builder_version=&#8221;4.16&#8243; custom_padding=&#8221;|||&#8221; global_colors_info=&#8221;{}&#8221; custom_padding__hover=&#8221;|||&#8221;][et_pb_text _builder_version=&#8221;4.21.0&#8243; _module_preset=&#8221;default&#8221; global_colors_info=&#8221;{}&#8221;]<\/p>\n<h4>Matomi pakitimai dvasios pagalba<\/h4>\n<p>Net jei tai skamba ne\u012ftik\u0117tinai, Piotro Elkunovi\u010diaus pagalba yra \u012fmanoma akimirksniu atstatyti taisykling\u0105 dubens pad\u0117t\u012f ir skirtingo ilgio kojas sulyginti, neprisilie\u010diant prie k\u016bno. Tod\u0117l \u0161ios disproporcijos pa\u0161alinimas yra teisingas b\u016bdas , gydyti vis\u0105 k\u016bn\u0105, siel\u0105 ir dvasi\u0105.<\/p>\n<p>Net ir tradicin\u0117s medicinos gydytiems asmenims su \u012fvairiausiais fiziniais ir emociniais sutrikimais pad\u0117jo Dvasinis i\u0161tiesinimas.<\/p>\n<p><strong>Piotras Elkunovi\u010dius<\/strong>\u200b yra vienintelis \u0161ios stebuklus daran\u010dios energijos, neegzistavusios anks\u010diau, pradininkas. \u0160i energija yra giliai veikianti, visaapimanti, gera ir tokia galinga, koki\u0105 \u017emogus vargiai gali \u012fsivaizduoti.<\/p>\n<p>[\/et_pb_text][\/et_pb_column][\/et_pb_row][\/et_pb_section][et_pb_section fb_built=&#8221;1&#8243; admin_label=&#8221;Section&#8221; _builder_version=&#8221;4.16&#8243; custom_padding=&#8221;0px|||&#8221; transparent_background=&#8221;off&#8221; make_fullwidth=&#8221;off&#8221; use_custom_width=&#8221;off&#8221; width_unit=&#8221;on&#8221; global_colors_info=&#8221;{}&#8221;][et_pb_row admin_label=&#8221;Row&#8221; _builder_version=&#8221;4.21.0&#8243; background_size=&#8221;initial&#8221; background_position=&#8221;top_left&#8221; background_repeat=&#8221;repeat&#8221; max_width=&#8221;780px&#8221; global_colors_info=&#8221;{}&#8221;][et_pb_column type=&#8221;4_4&#8243; _builder_version=&#8221;4.16&#8243; custom_padding=&#8221;|||&#8221; global_colors_info=&#8221;{}&#8221; custom_padding__hover=&#8221;|||&#8221;][et_pb_text admin_label=&#8221;Durch seine segensreiche Heilarbeit&#8230;&#8221; _builder_version=&#8221;4.21.0&#8243; background_size=&#8221;initial&#8221; background_position=&#8221;top_left&#8221; background_repeat=&#8221;repeat&#8221; use_border_color=&#8221;off&#8221; border_color=&#8221;#ffffff&#8221; border_style=&#8221;solid&#8221; global_colors_info=&#8221;{}&#8221;]<\/p>\n<h4>Jo palaimingo gydymo, kuriam vadovauja \u0161ventasis DIEVO \u012fstatymas, d\u0117ka, \u017emoni\u0173 suvokime \u012fvyksta pakitimai, kei\u010diantys ir pasaul\u012f.<\/h4>\n<p>Viskam savas laikas, nes laikas yra DIEVO rankose. Taip visada buvo ir bus! Kai j\u016bs gausite \u0161i\u0105 informacij\u0105, tai reik\u0161, kad at\u0117jo ir J\u016bs\u0173 laikas i\u0161sitiesinti, nes atsitiktinum\u0173 neb\u016bna.<\/p>\n<p>Dvasinio i\u0161tiesinimo pagalba pavyksta atsikratyti praeities na\u0161tos ir pasijusti\u00a0<strong>DABAR<\/strong>\u00a0, begalyb\u0117je, laisv\u0117je, kurios trok\u0161ta m\u016bs\u0173 siela.<\/p>\n<h4>I\u0161sivaduokite ir J\u016bs nuo praeities pan\u010di\u0173, kad gal\u0117tum\u0117te gyventi sveik\u0105 ir laiming\u0105<br \/>gyvenim\u0105. Mes pad\u0117sime Jums!<\/h4>\n<p>[\/et_pb_text][\/et_pb_column][\/et_pb_row][et_pb_row column_structure=&#8221;1_2,1_2&#8243; admin_label=&#8221;Row&#8221; _builder_version=&#8221;4.21.0&#8243; background_size=&#8221;initial&#8221; background_position=&#8221;top_left&#8221; background_repeat=&#8221;repeat&#8221; max_width=&#8221;900px&#8221; custom_padding=&#8221;0px|||&#8221; make_fullwidth=&#8221;off&#8221; use_custom_width=&#8221;off&#8221; width_unit=&#8221;on&#8221; global_colors_info=&#8221;{}&#8221; global_module=&#8221;11870&#8243; saved_tabs=&#8221;all&#8221;][et_pb_column type=&#8221;1_2&#8243; _builder_version=&#8221;4.16&#8243; custom_padding=&#8221;|||&#8221; global_colors_info=&#8221;{}&#8221; custom_padding__hover=&#8221;|||&#8221;][et_pb_image src=&#8221;https:\/\/elkunoviz.org\/wp-content\/uploads\/2023\/08\/elk_heilweise4-2.png&#8221; alt=&#8221;Geistige Aufrichtung durch Pjotr Elkunoviz&#8221; title_text=&#8221;elk_heilweise4-2&#8243; align_tablet=&#8221;center&#8221; align_phone=&#8221;center&#8221; align_last_edited=&#8221;on|desktop&#8221; admin_label=&#8221;Image&#8221; _builder_version=&#8221;4.21.0&#8243; use_border_color=&#8221;off&#8221; border_color=&#8221;#ffffff&#8221; border_style=&#8221;solid&#8221; animation=&#8221;off&#8221; sticky=&#8221;off&#8221; always_center_on_mobile=&#8221;on&#8221; global_colors_info=&#8221;{}&#8221;][\/et_pb_image][\/et_pb_column][et_pb_column type=&#8221;1_2&#8243; _builder_version=&#8221;4.16&#8243; custom_padding=&#8221;|||&#8221; global_colors_info=&#8221;{}&#8221; custom_padding__hover=&#8221;|||&#8221;][et_pb_image src=&#8221;https:\/\/elkunoviz.org\/wp-content\/uploads\/2023\/07\/elk_heilweise3.jpg&#8221; alt=&#8221;Geistige Aufrichtung durch Pjotr Elkunoviz&#8221; title_text=&#8221;elk_heilweise3&#8243; align_tablet=&#8221;center&#8221; align_phone=&#8221;center&#8221; align_last_edited=&#8221;on|desktop&#8221; admin_label=&#8221;Image&#8221; _builder_version=&#8221;4.21.0&#8243; use_border_color=&#8221;off&#8221; border_color=&#8221;#ffffff&#8221; border_style=&#8221;solid&#8221; animation=&#8221;off&#8221; sticky=&#8221;off&#8221; always_center_on_mobile=&#8221;on&#8221; global_colors_info=&#8221;{}&#8221;][\/et_pb_image][\/et_pb_column][\/et_pb_row][et_pb_row admin_label=&#8221;Row&#8221; _builder_version=&#8221;4.21.0&#8243; background_size=&#8221;initial&#8221; background_position=&#8221;top_left&#8221; background_repeat=&#8221;repeat&#8221; max_width=&#8221;780px&#8221; global_colors_info=&#8221;{}&#8221;][et_pb_column type=&#8221;4_4&#8243; _builder_version=&#8221;4.16&#8243; custom_padding=&#8221;|||&#8221; global_colors_info=&#8221;{}&#8221; custom_padding__hover=&#8221;|||&#8221;][et_pb_text admin_label=&#8221;Text&#8221; _builder_version=&#8221;4.16&#8243; background_size=&#8221;initial&#8221; background_position=&#8221;top_left&#8221; background_repeat=&#8221;repeat&#8221; hover_enabled=&#8221;0&#8243; use_border_color=&#8221;off&#8221; border_color=&#8221;#ffffff&#8221; border_style=&#8221;solid&#8221; global_colors_info=&#8221;{}&#8221; sticky_enabled=&#8221;0&#8243;]<\/p>\n<h2>Kod\u0117l taip yra?<\/h2>\n<p>Dvasinis i\u0161tiesinimas rei\u0161kia Dievi\u0161k\u0105 perdavim\u0105, galint\u012f i\u0161plisti \u012f visas dimensijas ir gyvenimo tarpsnius ir visk\u0105, kas ten yra \u2013 mintis, prisiminimus, pa\u017eadus, \u012fsitikinimus, vizijas, suvokimus bei visas programas, esan\u010dias l\u0105steli\u0173 atminties mechanizmuose ir visa tai sufokusuoti ir harmonizuoti. Tai ir yra Dvasinio i\u0161tiesinimo akimirka. \u0160is gydymo b\u016bdas yra naujas \u0161viesos b\u016btybi\u0173 vystymasis.<\/p>\n<p>Fizinis k\u016bnas \u2013 tai tik vienas tikro Dvasinio i\u0161tiesinimo aspekt\u0173. M\u016bs\u0173 klientai patiria s\u0105moningas inspiracijas auk\u0161tesniuose lygmenyse, tai rei\u0161kia \u2013 geb\u0117jim\u0105 gird\u0117ti savo vid\u0173 bei b\u016btybi\u0173, veikian\u010di\u0173 auk\u0161tesniame kosminio intelekto lygmenyje, mintis. Dvasinis i\u0161tiesinimas yra daugiau, nei \u012fmanoma apsakyti ar apra\u0161yti.<\/p>\n<p><strong>Dvasinis i\u0161tiesinimas yra \u0161venta ir galinga tyros Dievi\u0161kos meil\u0117s energija. Jis yra tas atsiv\u0117rimas \u012f universalias dvasines \u017einias ir \u012f auk\u0161tesnes b\u016bties sritis viso ko, kas buvo, yra ir dar bus. Tai kvantinis \u0161uolis Dvasinio gydymo suvokime.<\/strong><\/p>\n<p>[\/et_pb_text][\/et_pb_column][\/et_pb_row][\/et_pb_section][et_pb_section fb_built=&#8221;1&#8243; _builder_version=&#8221;4.21.0&#8243; _module_preset=&#8221;73e3f740-8efa-4583-b8bd-c2faeea8dfca&#8221; transparent_background=&#8221;off&#8221; make_fullwidth=&#8221;off&#8221; use_custom_width=&#8221;off&#8221; width_unit=&#8221;on&#8221; global_module=&#8221;11582&#8243; saved_tabs=&#8221;all&#8221; global_colors_info=&#8221;{}&#8221;][et_pb_row column_structure=&#8221;2_3,1_3&#8243; _builder_version=&#8221;4.21.0&#8243; background_size=&#8221;initial&#8221; background_position=&#8221;top_left&#8221; background_repeat=&#8221;repeat&#8221; min_height=&#8221;64.2px&#8221; custom_padding=&#8221;0px|||||&#8221; global_colors_info=&#8221;{}&#8221;][et_pb_column type=&#8221;2_3&#8243; _builder_version=&#8221;4.21.0&#8243; custom_padding=&#8221;|||&#8221; global_colors_info=&#8221;{}&#8221; custom_padding__hover=&#8221;|||&#8221;][et_pb_text _builder_version=&#8221;4.21.0&#8243; _module_preset=&#8221;default&#8221; text_text_color=&#8221;#FFFFFF&#8221; header_4_text_color=&#8221;#f4e2f5&#8243; background_layout=&#8221;dark&#8221; global_colors_info=&#8221;{}&#8221;]<\/p>\n<h2 class=\"h2--newsletter\">Unser Newsletter f\u00fcr den achtsamen Alltag<\/h2>\n<p>Der Newsletter f\u00fcr heilsame Impulse f\u00fcr den Alltag, Inspirationen zu spirituellen Themen und Erinnerungen f\u00fcr Termine f\u00fcr Heiltage &amp; Veranstaltungen wird Dich in unregelm\u00e4\u00dfigen Abst\u00e4nden \u00fcber Neuigkeiten zu unserem berichten. Bitte trag Dich in unseren Newsletter ein, Du kannst Dich jederzeit formlos, z.B. \u00fcber einen Link in dem Newsletter, wieder abmelden.<\/p>\n<p>[\/et_pb_text][\/et_pb_column][et_pb_column type=&#8221;1_3&#8243; _builder_version=&#8221;4.16&#8243; custom_padding=&#8221;|||&#8221; global_colors_info=&#8221;{}&#8221; custom_padding__hover=&#8221;|||&#8221;][et_pb_code module_class=&#8221;newsletter-form&#8221; _builder_version=&#8221;4.21.0&#8243; global_colors_info=&#8221;{}&#8221;]<pee><script>(function() {\n\twindow.mc4wp = window.mc4wp || {\n\t\tlisteners: [],\n\t\tforms: {\n\t\t\ton: function(evt, cb) {\n\t\t\t\twindow.mc4wp.listeners.push(\n\t\t\t\t\t{\n\t\t\t\t\t\tevent   : evt,\n\t\t\t\t\t\tcallback: cb\n\t\t\t\t\t}\n\t\t\t\t);\n\t\t\t}\n\t\t}\n\t}\n})();\n<\/script><!-- Mailchimp for WordPress v4.12.1 - https:\/\/wordpress.org\/plugins\/mailchimp-for-wp\/ --><form id=\"mc4wp-form-1\" class=\"mc4wp-form mc4wp-form-377 mc4wp-ajax\" method=\"post\" data-id=\"377\" data-name=\"Elkunoviz Newsletter DE\" ><div class=\"mc4wp-form-fields\"><div><input type=\"text\" name=\"FNAME\" placeholder=\"Name\"><\/div>\r\n<div><input type=\"email\" name=\"email\" placeholder=\"E-Mail Adresse\" required \/><\/div>\r\n\r\n<div class=\"mc4wp-dropdown-wrapper\">\r\n  <label for=\"language-select\">Sprache:<\/label>\r\n  <select name=\"INTERESTS[00ce8103c5]\" id=\"language-select\" required=\"\">\r\n    <option value=\"bb411d99f7\" selected=\"true\">Deutsch<\/option>\r\n    <option value=\"0b2ad157c6\">English<\/option>\r\n    <option value=\"5f9c1fe271\">\u0420\u0443\u0441\u0441\u043a\u0438\u0439<\/option>\r\n    <option value=\"7fdafb1d82\">Italiano<\/option>\r\n    <option value=\"87669c16a0\">Espa\u00f1ol<\/option>\r\n    <option value=\"aa3889186a\">Latvie\u0161u<\/option>\r\n    <option value=\"d0c9f01167\">Lietuvos<\/option>\r\n  <\/select>\r\n<\/div>\r\n\r\n<fieldset>\r\n    <legend class=\"mc4wp-legend\">Interessen:<\/legend>\r\n    <label>\r\n        <input type=\"checkbox\" name=\"INTERESTS[c247eb75b8][]\" value=\"cb344cfb20\"> <span>Impulse f\u00fcr den Tag<\/span>\r\n    <\/label>\r\n    <label>\r\n        <input type=\"checkbox\" name=\"INTERESTS[c247eb75b8][]\" value=\"1ee1f1c268\"> <span>News<\/span>\r\n    <\/label>\r\n    <label>\r\n        <input type=\"checkbox\" name=\"INTERESTS[c247eb75b8][]\" value=\"68c933c223\"> <span>Seminare<\/span>\r\n    <\/label>\r\n    <label>\r\n        <input type=\"checkbox\" name=\"INTERESTS[c247eb75b8][]\" value=\"d71259545e\"> <span>Behandlungen<\/span>\r\n    <\/label>\r\n    <label>\r\n        <input type=\"checkbox\" name=\"INTERESTS[c247eb75b8][]\" value=\"5110647ad5\"> <span>Tierbehandlung<\/span>\r\n    <\/label>\r\n<\/fieldset>\r\n\r\n<input type=\"submit\" class=\"newsletter__submit\" value=\"Newsletter abonnieren\" \/>\r\n<\/div><label style=\"display: none !important;\">Leave this field empty if you're human: <input type=\"text\" name=\"_mc4wp_honeypot\" value=\"\" tabindex=\"-1\" autocomplete=\"off\" \/><\/label><input type=\"hidden\" name=\"_mc4wp_timestamp\" value=\"1777440785\" \/><input type=\"hidden\" name=\"_mc4wp_form_id\" value=\"377\" \/><input type=\"hidden\" name=\"_mc4wp_form_element_id\" value=\"mc4wp-form-1\" \/><div class=\"mc4wp-response\"><\/div><\/form><!-- \/ Mailchimp for WordPress Plugin --><\/pee>[\/et_pb_code][\/et_pb_column][\/et_pb_row][\/et_pb_section]<\/p>\n","protected":false},"excerpt":{"rendered":"<p>Piotro Elkunovi\u010diaus gydymo b\u016bdas M\u016bs\u0173 planeta ir visa, kas joje gyva, yra pakilimo procese. \u0160is pakilimas jau yra pama\u017eu prasid\u0117j\u0119s ir vienu ar kitu b\u016bdu jis vystysis toliau, nes tai yra visaapiman\u010dios b\u016bties \u0160ALTINIO valia. Tas procesas pakeis \u017emogaus dvasi\u0105 ir fizin\u012f k\u016bn\u0105 taip, kad kiekvienas \u017emogus gal\u0117s tapti \u0160VIESOS B\u016aTYBE. Dvasinis i\u0161tiesinimas yra Dievi\u0161kosios [&hellip;]<\/p>\n","protected":false},"author":8,"featured_media":0,"parent":0,"menu_order":0,"comment_status":"closed","ping_status":"closed","template":"","meta":{"_et_pb_use_builder":"on","_et_pb_old_content":"","_et_gb_content_width":"","inline_featured_image":false,"footnotes":""},"class_list":["post-2279","page","type-page","status-publish","hentry"],"yoast_head":"<!-- This site is optimized with the Yoast SEO plugin v27.4 - https:\/\/yoast.com\/product\/yoast-seo-wordpress\/ -->\n<title>Geistige Aufrichtung \u2022 Die Heilweise von Pjotr Elkunoviz<\/title>\n<meta name=\"description\" content=\"Die Geistige Aufrichtung ist die Heilweise von Charlene und Pjotr Elkunoviz. Erfahren Sie hier mehr \u00fcber das Original der geistigen Aufrichtungseneregie.\" \/>\n<meta name=\"robots\" content=\"index, follow, max-snippet:-1, max-image-preview:large, max-video-preview:-1\" \/>\n<link rel=\"canonical\" href=\"https:\/\/elkunoviz.org\/lt\/piotro-elkunoviciaus-gydymo-budas\/\" \/>\n<meta property=\"og:locale\" content=\"lt_LT\" \/>\n<meta property=\"og:type\" content=\"article\" \/>\n<meta property=\"og:title\" content=\"Geistige Aufrichtung \u2022 Die Heilweise von Pjotr Elkunoviz\" \/>\n<meta property=\"og:description\" content=\"Die Geistige Aufrichtung ist die Heilweise von Charlene und Pjotr Elkunoviz. Erfahren Sie hier mehr \u00fcber das Original der geistigen Aufrichtungseneregie.\" \/>\n<meta property=\"og:url\" content=\"https:\/\/elkunoviz.org\/lt\/piotro-elkunoviciaus-gydymo-budas\/\" \/>\n<meta property=\"og:site_name\" content=\"Elkunoviz\" \/>\n<meta property=\"article:publisher\" content=\"https:\/\/www.facebook.com\/Elkunoviz\/\" \/>\n<meta property=\"article:modified_time\" content=\"2023-08-15T19:55:10+00:00\" \/>\n<meta property=\"og:image\" content=\"https:\/\/elkunoviz.org\/wp-content\/uploads\/2017\/05\/elkunoviz-heiltage-behandlungsablauf-3.jpg\" \/>\n<meta name=\"twitter:card\" content=\"summary_large_image\" \/>\n<meta name=\"twitter:label1\" content=\"Est. reading time\" \/>\n\t<meta name=\"twitter:data1\" content=\"9 minut\u0117s\" \/>\n<script type=\"application\/ld+json\" class=\"yoast-schema-graph\">{\"@context\":\"https:\\\/\\\/schema.org\",\"@graph\":[{\"@type\":\"WebPage\",\"@id\":\"https:\\\/\\\/elkunoviz.org\\\/lt\\\/piotro-elkunoviciaus-gydymo-budas\\\/\",\"url\":\"https:\\\/\\\/elkunoviz.org\\\/lt\\\/piotro-elkunoviciaus-gydymo-budas\\\/\",\"name\":\"Geistige Aufrichtung \u2022 Die Heilweise von Pjotr Elkunoviz\",\"isPartOf\":{\"@id\":\"https:\\\/\\\/elkunoviz.org\\\/lt\\\/#website\"},\"datePublished\":\"2017-12-14T09:10:03+00:00\",\"dateModified\":\"2023-08-15T19:55:10+00:00\",\"description\":\"Die Geistige Aufrichtung ist die Heilweise von Charlene und Pjotr Elkunoviz. Erfahren Sie hier mehr \u00fcber das Original der geistigen Aufrichtungseneregie.\",\"breadcrumb\":{\"@id\":\"https:\\\/\\\/elkunoviz.org\\\/lt\\\/piotro-elkunoviciaus-gydymo-budas\\\/#breadcrumb\"},\"inLanguage\":\"lt-LT\",\"potentialAction\":[{\"@type\":\"ReadAction\",\"target\":[\"https:\\\/\\\/elkunoviz.org\\\/lt\\\/piotro-elkunoviciaus-gydymo-budas\\\/\"]}]},{\"@type\":\"BreadcrumbList\",\"@id\":\"https:\\\/\\\/elkunoviz.org\\\/lt\\\/piotro-elkunoviciaus-gydymo-budas\\\/#breadcrumb\",\"itemListElement\":[{\"@type\":\"ListItem\",\"position\":1,\"name\":\"Home\",\"item\":\"https:\\\/\\\/elkunoviz.org\\\/lt\\\/\"},{\"@type\":\"ListItem\",\"position\":2,\"name\":\"Piotro Elkunovi\u010diaus gydymo b\u016bdas\"}]},{\"@type\":\"WebSite\",\"@id\":\"https:\\\/\\\/elkunoviz.org\\\/lt\\\/#website\",\"url\":\"https:\\\/\\\/elkunoviz.org\\\/lt\\\/\",\"name\":\"Elkunoviz\",\"description\":\"Allumfassende Heilung\",\"publisher\":{\"@id\":\"https:\\\/\\\/elkunoviz.org\\\/lt\\\/#organization\"},\"potentialAction\":[{\"@type\":\"SearchAction\",\"target\":{\"@type\":\"EntryPoint\",\"urlTemplate\":\"https:\\\/\\\/elkunoviz.org\\\/lt\\\/?s={search_term_string}\"},\"query-input\":{\"@type\":\"PropertyValueSpecification\",\"valueRequired\":true,\"valueName\":\"search_term_string\"}}],\"inLanguage\":\"lt-LT\"},{\"@type\":\"Organization\",\"@id\":\"https:\\\/\\\/elkunoviz.org\\\/lt\\\/#organization\",\"name\":\"Pjotr Elkunoviz \u2013 Allumfassende Heilung durch den Geist\",\"url\":\"https:\\\/\\\/elkunoviz.org\\\/lt\\\/\",\"logo\":{\"@type\":\"ImageObject\",\"inLanguage\":\"lt-LT\",\"@id\":\"https:\\\/\\\/elkunoviz.org\\\/lt\\\/#\\\/schema\\\/logo\\\/image\\\/\",\"url\":\"https:\\\/\\\/elkunoviz.org\\\/wp-content\\\/uploads\\\/2023\\\/07\\\/logo.png\",\"contentUrl\":\"https:\\\/\\\/elkunoviz.org\\\/wp-content\\\/uploads\\\/2023\\\/07\\\/logo.png\",\"width\":192,\"height\":194,\"caption\":\"Pjotr Elkunoviz \u2013 Allumfassende Heilung durch den Geist\"},\"image\":{\"@id\":\"https:\\\/\\\/elkunoviz.org\\\/lt\\\/#\\\/schema\\\/logo\\\/image\\\/\"},\"sameAs\":[\"https:\\\/\\\/www.facebook.com\\\/Elkunoviz\\\/\",\"https:\\\/\\\/www.youtube.com\\\/channel\\\/UCrSjEuxgm3q8hGCVX3CG5vg\"]}]}<\/script>\n<!-- \/ Yoast SEO plugin. -->","yoast_head_json":{"title":"Geistige Aufrichtung \u2022 Die Heilweise von Pjotr Elkunoviz","description":"Die Geistige Aufrichtung ist die Heilweise von Charlene und Pjotr Elkunoviz. Erfahren Sie hier mehr \u00fcber das Original der geistigen Aufrichtungseneregie.","robots":{"index":"index","follow":"follow","max-snippet":"max-snippet:-1","max-image-preview":"max-image-preview:large","max-video-preview":"max-video-preview:-1"},"canonical":"https:\/\/elkunoviz.org\/lt\/piotro-elkunoviciaus-gydymo-budas\/","og_locale":"lt_LT","og_type":"article","og_title":"Geistige Aufrichtung \u2022 Die Heilweise von Pjotr Elkunoviz","og_description":"Die Geistige Aufrichtung ist die Heilweise von Charlene und Pjotr Elkunoviz. Erfahren Sie hier mehr \u00fcber das Original der geistigen Aufrichtungseneregie.","og_url":"https:\/\/elkunoviz.org\/lt\/piotro-elkunoviciaus-gydymo-budas\/","og_site_name":"Elkunoviz","article_publisher":"https:\/\/www.facebook.com\/Elkunoviz\/","article_modified_time":"2023-08-15T19:55:10+00:00","og_image":[{"url":"https:\/\/elkunoviz.org\/wp-content\/uploads\/2017\/05\/elkunoviz-heiltage-behandlungsablauf-3.jpg","type":"","width":"","height":""}],"twitter_card":"summary_large_image","twitter_misc":{"Est. reading time":"9 minut\u0117s"},"schema":{"@context":"https:\/\/schema.org","@graph":[{"@type":"WebPage","@id":"https:\/\/elkunoviz.org\/lt\/piotro-elkunoviciaus-gydymo-budas\/","url":"https:\/\/elkunoviz.org\/lt\/piotro-elkunoviciaus-gydymo-budas\/","name":"Geistige Aufrichtung \u2022 Die Heilweise von Pjotr Elkunoviz","isPartOf":{"@id":"https:\/\/elkunoviz.org\/lt\/#website"},"datePublished":"2017-12-14T09:10:03+00:00","dateModified":"2023-08-15T19:55:10+00:00","description":"Die Geistige Aufrichtung ist die Heilweise von Charlene und Pjotr Elkunoviz. Erfahren Sie hier mehr \u00fcber das Original der geistigen Aufrichtungseneregie.","breadcrumb":{"@id":"https:\/\/elkunoviz.org\/lt\/piotro-elkunoviciaus-gydymo-budas\/#breadcrumb"},"inLanguage":"lt-LT","potentialAction":[{"@type":"ReadAction","target":["https:\/\/elkunoviz.org\/lt\/piotro-elkunoviciaus-gydymo-budas\/"]}]},{"@type":"BreadcrumbList","@id":"https:\/\/elkunoviz.org\/lt\/piotro-elkunoviciaus-gydymo-budas\/#breadcrumb","itemListElement":[{"@type":"ListItem","position":1,"name":"Home","item":"https:\/\/elkunoviz.org\/lt\/"},{"@type":"ListItem","position":2,"name":"Piotro Elkunovi\u010diaus gydymo b\u016bdas"}]},{"@type":"WebSite","@id":"https:\/\/elkunoviz.org\/lt\/#website","url":"https:\/\/elkunoviz.org\/lt\/","name":"Elkunoviz","description":"Allumfassende Heilung","publisher":{"@id":"https:\/\/elkunoviz.org\/lt\/#organization"},"potentialAction":[{"@type":"SearchAction","target":{"@type":"EntryPoint","urlTemplate":"https:\/\/elkunoviz.org\/lt\/?s={search_term_string}"},"query-input":{"@type":"PropertyValueSpecification","valueRequired":true,"valueName":"search_term_string"}}],"inLanguage":"lt-LT"},{"@type":"Organization","@id":"https:\/\/elkunoviz.org\/lt\/#organization","name":"Pjotr Elkunoviz \u2013 Allumfassende Heilung durch den Geist","url":"https:\/\/elkunoviz.org\/lt\/","logo":{"@type":"ImageObject","inLanguage":"lt-LT","@id":"https:\/\/elkunoviz.org\/lt\/#\/schema\/logo\/image\/","url":"https:\/\/elkunoviz.org\/wp-content\/uploads\/2023\/07\/logo.png","contentUrl":"https:\/\/elkunoviz.org\/wp-content\/uploads\/2023\/07\/logo.png","width":192,"height":194,"caption":"Pjotr Elkunoviz \u2013 Allumfassende Heilung durch den Geist"},"image":{"@id":"https:\/\/elkunoviz.org\/lt\/#\/schema\/logo\/image\/"},"sameAs":["https:\/\/www.facebook.com\/Elkunoviz\/","https:\/\/www.youtube.com\/channel\/UCrSjEuxgm3q8hGCVX3CG5vg"]}]}},"_links":{"self":[{"href":"https:\/\/elkunoviz.org\/lt\/wp-json\/wp\/v2\/pages\/2279","targetHints":{"allow":["GET"]}}],"collection":[{"href":"https:\/\/elkunoviz.org\/lt\/wp-json\/wp\/v2\/pages"}],"about":[{"href":"https:\/\/elkunoviz.org\/lt\/wp-json\/wp\/v2\/types\/page"}],"author":[{"embeddable":true,"href":"https:\/\/elkunoviz.org\/lt\/wp-json\/wp\/v2\/users\/8"}],"replies":[{"embeddable":true,"href":"https:\/\/elkunoviz.org\/lt\/wp-json\/wp\/v2\/comments?post=2279"}],"version-history":[{"count":3,"href":"https:\/\/elkunoviz.org\/lt\/wp-json\/wp\/v2\/pages\/2279\/revisions"}],"predecessor-version":[{"id":12753,"href":"https:\/\/elkunoviz.org\/lt\/wp-json\/wp\/v2\/pages\/2279\/revisions\/12753"}],"wp:attachment":[{"href":"https:\/\/elkunoviz.org\/lt\/wp-json\/wp\/v2\/media?parent=2279"}],"curies":[{"name":"wp","href":"https:\/\/api.w.org\/{rel}","templated":true}]}}