{"id":2018,"date":"2017-12-08T10:55:39","date_gmt":"2017-12-08T09:55:39","guid":{"rendered":"http:\/\/elkunoviz.org\/dziedinasana-no-attaluma\/"},"modified":"2023-08-15T19:18:12","modified_gmt":"2023-08-15T17:18:12","slug":"dziedinasana-no-attaluma-old","status":"publish","type":"page","link":"https:\/\/elkunoviz.org\/lv\/dziedinasana-no-attaluma-old\/","title":{"rendered":"Dziedin\u0101\u0161ana no att\u0101luma OLD"},"content":{"rendered":"<p>[et_pb_section fb_built=&#8221;1&#8243; admin_label=&#8221;section&#8221; _builder_version=&#8221;3.22&#8243;][et_pb_row admin_label=&#8221;row&#8221; _builder_version=&#8221;3.25&#8243; background_size=&#8221;initial&#8221; background_position=&#8221;top_left&#8221; background_repeat=&#8221;repeat&#8221;][et_pb_column type=&#8221;4_4&#8243; _builder_version=&#8221;3.25&#8243; custom_padding=&#8221;|||&#8221; custom_padding__hover=&#8221;|||&#8221;][et_pb_text admin_label=&#8221;Title&#8221; _builder_version=&#8221;3.27.4&#8243; background_size=&#8221;initial&#8221; background_position=&#8221;top_left&#8221; background_repeat=&#8221;repeat&#8221; use_border_color=&#8221;off&#8221; border_color=&#8221;#ffffff&#8221; border_style=&#8221;solid&#8221;]<\/p>\n<h1>Dziedin\u0101\u0161ana no att\u0101luma<\/h1>\n<p>[\/et_pb_text][et_pb_image src=&#8221;https:\/\/elkunoviz.org\/wp-content\/uploads\/2017\/05\/elkunoviz-fernbehandlung-1.jpg&#8221; alt=&#8221;Fernbehandlung Pjotr Elkunoviz&#8221; title_text=&#8221;Fernbehandlung Pjotr Elkunoviz&#8221; align_tablet=&#8221;center&#8221; align_phone=&#8221;&#8221; align_last_edited=&#8221;on|desktop&#8221; _builder_version=&#8221;3.23&#8243; use_border_color=&#8221;off&#8221; border_color=&#8221;#ffffff&#8221; border_style=&#8221;solid&#8221; animation=&#8221;off&#8221; sticky=&#8221;off&#8221; always_center_on_mobile=&#8221;on&#8221;][\/et_pb_image][\/et_pb_column][\/et_pb_row][\/et_pb_section][et_pb_section fb_built=&#8221;1&#8243; _builder_version=&#8221;3.22&#8243; custom_padding=&#8221;0px|||&#8221; transparent_background=&#8221;off&#8221; make_fullwidth=&#8221;off&#8221; use_custom_width=&#8221;off&#8221; width_unit=&#8221;on&#8221;][et_pb_row _builder_version=&#8221;3.25&#8243; background_size=&#8221;initial&#8221; background_position=&#8221;top_left&#8221; background_repeat=&#8221;repeat&#8221; custom_padding=&#8221;0px|||&#8221; make_fullwidth=&#8221;off&#8221; use_custom_width=&#8221;off&#8221; width_unit=&#8221;on&#8221;][et_pb_column type=&#8221;4_4&#8243; _builder_version=&#8221;3.25&#8243; custom_padding=&#8221;|||&#8221; custom_padding__hover=&#8221;|||&#8221;][et_pb_text _builder_version=&#8221;4.5.1&#8243; background_size=&#8221;initial&#8221; background_position=&#8221;top_left&#8221; background_repeat=&#8221;repeat&#8221; custom_margin=&#8221;||50px|||&#8221; use_border_color=&#8221;off&#8221; border_color=&#8221;#ffffff&#8221; border_style=&#8221;solid&#8221;]<\/p>\n<p>Hronisku saslim\u0161anu, ment\u0101lu un emocion\u0101lu probl\u0113mu gad\u012bjum\u0101 ir iesp\u0113jams dziedin\u0101\u0161anas turpin\u0101jums vai ar\u012b dziedin\u0101\u0161ana no att\u0101luma, iepriek\u0161 pierakstoties, lai turpin\u0101tu atbalst\u012bt pal\u012bdz\u012bbas mekl\u0113t\u0101ju un stiprin\u0101tu vi\u0146a pa\u0161dziedino\u0161os sp\u0113kus.<\/p>\n<p>L\u016bdzu, ats\u016btiet mums e-past\u0101 savu fotogr\u0101fiju (t\u0101 var b\u016bt ar\u012b veca) un \u012bsu aprakstu par J\u016bsu probl\u0113m\u0101m. L\u016bdzam nor\u0101d\u012bt J\u016bsu adresi un telefona numuru.<\/p>\n<p>Dziedin\u0101\u0161ana no att\u0101luma notiks p\u0113c vieno\u0161an\u0101s ar Jums p\u0113c pulksten 20.00.<\/p>\n<p>[\/et_pb_text][et_pb_button button_url=&#8221;mailto&#58;&#105;&#110;&#102;&#111;&#64;&#101;&#x6c;&#x6b;&#x75;&#x6e;&#x6f;&#x76;&#x69;&#x7a;&#x2e;&#x6f;&#x72;&#x67;&#8221; button_text=&#8221;Lecel\u0161ana&#8221; button_alignment=&#8221;left&#8221; _builder_version=&#8221;4.5.1&#8243; _module_preset=&#8221;default&#8221; custom_margin=&#8221;||50px|||&#8221; hover_enabled=&#8221;0&#8243;][\/et_pb_button][et_pb_image src=&#8221;https:\/\/elkunoviz.org\/wp-content\/uploads\/2017\/05\/elkunoviz-fernbehandlung-2.jpg&#8221; alt=&#8221;Fernbehandlung Ziel&#8221; title_text=&#8221;Fernbehandlung Ziel&#8221; align_tablet=&#8221;center&#8221; align_phone=&#8221;&#8221; align_last_edited=&#8221;on|desktop&#8221; _builder_version=&#8221;3.23&#8243; use_border_color=&#8221;off&#8221; border_color=&#8221;#ffffff&#8221; border_style=&#8221;solid&#8221; animation=&#8221;off&#8221; sticky=&#8221;off&#8221; always_center_on_mobile=&#8221;on&#8221;][\/et_pb_image][\/et_pb_column][\/et_pb_row][\/et_pb_section]<\/p>\n","protected":false},"excerpt":{"rendered":"<p>Dziedin\u0101\u0161ana no att\u0101luma Hronisku saslim\u0161anu, ment\u0101lu un emocion\u0101lu probl\u0113mu gad\u012bjum\u0101 ir iesp\u0113jams dziedin\u0101\u0161anas turpin\u0101jums vai ar\u012b dziedin\u0101\u0161ana no att\u0101luma, iepriek\u0161 pierakstoties, lai turpin\u0101tu atbalst\u012bt pal\u012bdz\u012bbas mekl\u0113t\u0101ju un stiprin\u0101tu vi\u0146a pa\u0161dziedino\u0161os sp\u0113kus. L\u016bdzu, ats\u016btiet mums e-past\u0101 savu fotogr\u0101fiju (t\u0101 var b\u016bt ar\u012b veca) un \u012bsu aprakstu par J\u016bsu probl\u0113m\u0101m. L\u016bdzam nor\u0101d\u012bt J\u016bsu adresi un telefona numuru. [&hellip;]<\/p>\n","protected":false},"author":8,"featured_media":0,"parent":0,"menu_order":0,"comment_status":"closed","ping_status":"closed","template":"","meta":{"_et_pb_use_builder":"on","_et_pb_old_content":"","_et_gb_content_width":"","inline_featured_image":false,"footnotes":""},"class_list":["post-2018","page","type-page","status-publish","hentry"],"yoast_head":"<!-- This site is optimized with the Yoast SEO plugin v27.4 - https:\/\/yoast.com\/product\/yoast-seo-wordpress\/ -->\n<title>Dziedin\u0101\u0161ana no att\u0101luma \u2022 Charlene &amp; Pjotr Elkunoviz<\/title>\n<meta name=\"description\" content=\"Hronisku saslim\u0161anu, ment\u0101lu un emocion\u0101lu probl\u0113mu gad\u012bjum\u0101 ir iesp\u0113jams dziedin\u0101\u0161anas turpin\u0101jums vai ar\u012b dziedin\u0101\u0161ana no att\u0101luma.\" \/>\n<meta name=\"robots\" content=\"index, follow, max-snippet:-1, max-image-preview:large, max-video-preview:-1\" \/>\n<link rel=\"canonical\" href=\"https:\/\/elkunoviz.org\/lv\/dziedinasana-no-attaluma-old\/\" \/>\n<meta property=\"og:locale\" content=\"lv_LV\" \/>\n<meta property=\"og:type\" content=\"article\" \/>\n<meta property=\"og:title\" content=\"Dziedin\u0101\u0161ana no att\u0101luma \u2022 Charlene &amp; Pjotr Elkunoviz\" \/>\n<meta property=\"og:description\" content=\"Hronisku saslim\u0161anu, ment\u0101lu un emocion\u0101lu probl\u0113mu gad\u012bjum\u0101 ir iesp\u0113jams dziedin\u0101\u0161anas turpin\u0101jums vai ar\u012b dziedin\u0101\u0161ana no att\u0101luma.\" \/>\n<meta property=\"og:url\" content=\"https:\/\/elkunoviz.org\/lv\/dziedinasana-no-attaluma-old\/\" \/>\n<meta property=\"og:site_name\" content=\"Elkunoviz\" \/>\n<meta property=\"article:publisher\" content=\"https:\/\/www.facebook.com\/Elkunoviz\/\" \/>\n<meta property=\"article:modified_time\" content=\"2023-08-15T17:18:12+00:00\" \/>\n<meta property=\"og:image\" content=\"https:\/\/elkunoviz.org\/wp-content\/uploads\/2017\/05\/elkunoviz-mission-1.jpg\" \/>\n<meta name=\"twitter:card\" content=\"summary_large_image\" \/>\n<meta name=\"twitter:label1\" content=\"Est. reading time\" \/>\n\t<meta name=\"twitter:data1\" content=\"2 minutes\" \/>\n<script type=\"application\/ld+json\" class=\"yoast-schema-graph\">{\"@context\":\"https:\\\/\\\/schema.org\",\"@graph\":[{\"@type\":\"WebPage\",\"@id\":\"https:\\\/\\\/elkunoviz.org\\\/lv\\\/dziedinasana-no-attaluma-old\\\/\",\"url\":\"https:\\\/\\\/elkunoviz.org\\\/lv\\\/dziedinasana-no-attaluma-old\\\/\",\"name\":\"Dziedin\u0101\u0161ana no att\u0101luma \u2022 Charlene & Pjotr Elkunoviz\",\"isPartOf\":{\"@id\":\"https:\\\/\\\/elkunoviz.org\\\/lv\\\/#website\"},\"datePublished\":\"2017-12-08T09:55:39+00:00\",\"dateModified\":\"2023-08-15T17:18:12+00:00\",\"description\":\"Hronisku saslim\u0161anu, ment\u0101lu un emocion\u0101lu probl\u0113mu gad\u012bjum\u0101 ir iesp\u0113jams dziedin\u0101\u0161anas turpin\u0101jums vai ar\u012b dziedin\u0101\u0161ana no att\u0101luma.\",\"breadcrumb\":{\"@id\":\"https:\\\/\\\/elkunoviz.org\\\/lv\\\/dziedinasana-no-attaluma-old\\\/#breadcrumb\"},\"inLanguage\":\"lv-LV\",\"potentialAction\":[{\"@type\":\"ReadAction\",\"target\":[\"https:\\\/\\\/elkunoviz.org\\\/lv\\\/dziedinasana-no-attaluma-old\\\/\"]}]},{\"@type\":\"BreadcrumbList\",\"@id\":\"https:\\\/\\\/elkunoviz.org\\\/lv\\\/dziedinasana-no-attaluma-old\\\/#breadcrumb\",\"itemListElement\":[{\"@type\":\"ListItem\",\"position\":1,\"name\":\"Home\",\"item\":\"https:\\\/\\\/elkunoviz.org\\\/lv\\\/\"},{\"@type\":\"ListItem\",\"position\":2,\"name\":\"Dziedin\u0101\u0161ana no att\u0101luma OLD\"}]},{\"@type\":\"WebSite\",\"@id\":\"https:\\\/\\\/elkunoviz.org\\\/lv\\\/#website\",\"url\":\"https:\\\/\\\/elkunoviz.org\\\/lv\\\/\",\"name\":\"Elkunoviz\",\"description\":\"Allumfassende Heilung\",\"publisher\":{\"@id\":\"https:\\\/\\\/elkunoviz.org\\\/lv\\\/#organization\"},\"potentialAction\":[{\"@type\":\"SearchAction\",\"target\":{\"@type\":\"EntryPoint\",\"urlTemplate\":\"https:\\\/\\\/elkunoviz.org\\\/lv\\\/?s={search_term_string}\"},\"query-input\":{\"@type\":\"PropertyValueSpecification\",\"valueRequired\":true,\"valueName\":\"search_term_string\"}}],\"inLanguage\":\"lv-LV\"},{\"@type\":\"Organization\",\"@id\":\"https:\\\/\\\/elkunoviz.org\\\/lv\\\/#organization\",\"name\":\"Pjotr Elkunoviz \u2013 Allumfassende Heilung durch den Geist\",\"url\":\"https:\\\/\\\/elkunoviz.org\\\/lv\\\/\",\"logo\":{\"@type\":\"ImageObject\",\"inLanguage\":\"lv-LV\",\"@id\":\"https:\\\/\\\/elkunoviz.org\\\/lv\\\/#\\\/schema\\\/logo\\\/image\\\/\",\"url\":\"https:\\\/\\\/elkunoviz.org\\\/wp-content\\\/uploads\\\/2023\\\/07\\\/logo.png\",\"contentUrl\":\"https:\\\/\\\/elkunoviz.org\\\/wp-content\\\/uploads\\\/2023\\\/07\\\/logo.png\",\"width\":192,\"height\":194,\"caption\":\"Pjotr Elkunoviz \u2013 Allumfassende Heilung durch den Geist\"},\"image\":{\"@id\":\"https:\\\/\\\/elkunoviz.org\\\/lv\\\/#\\\/schema\\\/logo\\\/image\\\/\"},\"sameAs\":[\"https:\\\/\\\/www.facebook.com\\\/Elkunoviz\\\/\",\"https:\\\/\\\/www.youtube.com\\\/channel\\\/UCrSjEuxgm3q8hGCVX3CG5vg\"]}]}<\/script>\n<!-- \/ Yoast SEO plugin. -->","yoast_head_json":{"title":"Dziedin\u0101\u0161ana no att\u0101luma \u2022 Charlene & Pjotr Elkunoviz","description":"Hronisku saslim\u0161anu, ment\u0101lu un emocion\u0101lu probl\u0113mu gad\u012bjum\u0101 ir iesp\u0113jams dziedin\u0101\u0161anas turpin\u0101jums vai ar\u012b dziedin\u0101\u0161ana no att\u0101luma.","robots":{"index":"index","follow":"follow","max-snippet":"max-snippet:-1","max-image-preview":"max-image-preview:large","max-video-preview":"max-video-preview:-1"},"canonical":"https:\/\/elkunoviz.org\/lv\/dziedinasana-no-attaluma-old\/","og_locale":"lv_LV","og_type":"article","og_title":"Dziedin\u0101\u0161ana no att\u0101luma \u2022 Charlene & Pjotr Elkunoviz","og_description":"Hronisku saslim\u0161anu, ment\u0101lu un emocion\u0101lu probl\u0113mu gad\u012bjum\u0101 ir iesp\u0113jams dziedin\u0101\u0161anas turpin\u0101jums vai ar\u012b dziedin\u0101\u0161ana no att\u0101luma.","og_url":"https:\/\/elkunoviz.org\/lv\/dziedinasana-no-attaluma-old\/","og_site_name":"Elkunoviz","article_publisher":"https:\/\/www.facebook.com\/Elkunoviz\/","article_modified_time":"2023-08-15T17:18:12+00:00","og_image":[{"url":"https:\/\/elkunoviz.org\/wp-content\/uploads\/2017\/05\/elkunoviz-mission-1.jpg","type":"","width":"","height":""}],"twitter_card":"summary_large_image","twitter_misc":{"Est. reading time":"2 minutes"},"schema":{"@context":"https:\/\/schema.org","@graph":[{"@type":"WebPage","@id":"https:\/\/elkunoviz.org\/lv\/dziedinasana-no-attaluma-old\/","url":"https:\/\/elkunoviz.org\/lv\/dziedinasana-no-attaluma-old\/","name":"Dziedin\u0101\u0161ana no att\u0101luma \u2022 Charlene & Pjotr Elkunoviz","isPartOf":{"@id":"https:\/\/elkunoviz.org\/lv\/#website"},"datePublished":"2017-12-08T09:55:39+00:00","dateModified":"2023-08-15T17:18:12+00:00","description":"Hronisku saslim\u0161anu, ment\u0101lu un emocion\u0101lu probl\u0113mu gad\u012bjum\u0101 ir iesp\u0113jams dziedin\u0101\u0161anas turpin\u0101jums vai ar\u012b dziedin\u0101\u0161ana no att\u0101luma.","breadcrumb":{"@id":"https:\/\/elkunoviz.org\/lv\/dziedinasana-no-attaluma-old\/#breadcrumb"},"inLanguage":"lv-LV","potentialAction":[{"@type":"ReadAction","target":["https:\/\/elkunoviz.org\/lv\/dziedinasana-no-attaluma-old\/"]}]},{"@type":"BreadcrumbList","@id":"https:\/\/elkunoviz.org\/lv\/dziedinasana-no-attaluma-old\/#breadcrumb","itemListElement":[{"@type":"ListItem","position":1,"name":"Home","item":"https:\/\/elkunoviz.org\/lv\/"},{"@type":"ListItem","position":2,"name":"Dziedin\u0101\u0161ana no att\u0101luma OLD"}]},{"@type":"WebSite","@id":"https:\/\/elkunoviz.org\/lv\/#website","url":"https:\/\/elkunoviz.org\/lv\/","name":"Elkunoviz","description":"Allumfassende Heilung","publisher":{"@id":"https:\/\/elkunoviz.org\/lv\/#organization"},"potentialAction":[{"@type":"SearchAction","target":{"@type":"EntryPoint","urlTemplate":"https:\/\/elkunoviz.org\/lv\/?s={search_term_string}"},"query-input":{"@type":"PropertyValueSpecification","valueRequired":true,"valueName":"search_term_string"}}],"inLanguage":"lv-LV"},{"@type":"Organization","@id":"https:\/\/elkunoviz.org\/lv\/#organization","name":"Pjotr Elkunoviz \u2013 Allumfassende Heilung durch den Geist","url":"https:\/\/elkunoviz.org\/lv\/","logo":{"@type":"ImageObject","inLanguage":"lv-LV","@id":"https:\/\/elkunoviz.org\/lv\/#\/schema\/logo\/image\/","url":"https:\/\/elkunoviz.org\/wp-content\/uploads\/2023\/07\/logo.png","contentUrl":"https:\/\/elkunoviz.org\/wp-content\/uploads\/2023\/07\/logo.png","width":192,"height":194,"caption":"Pjotr Elkunoviz \u2013 Allumfassende Heilung durch den Geist"},"image":{"@id":"https:\/\/elkunoviz.org\/lv\/#\/schema\/logo\/image\/"},"sameAs":["https:\/\/www.facebook.com\/Elkunoviz\/","https:\/\/www.youtube.com\/channel\/UCrSjEuxgm3q8hGCVX3CG5vg"]}]}},"_links":{"self":[{"href":"https:\/\/elkunoviz.org\/lv\/wp-json\/wp\/v2\/pages\/2018","targetHints":{"allow":["GET"]}}],"collection":[{"href":"https:\/\/elkunoviz.org\/lv\/wp-json\/wp\/v2\/pages"}],"about":[{"href":"https:\/\/elkunoviz.org\/lv\/wp-json\/wp\/v2\/types\/page"}],"author":[{"embeddable":true,"href":"https:\/\/elkunoviz.org\/lv\/wp-json\/wp\/v2\/users\/8"}],"replies":[{"embeddable":true,"href":"https:\/\/elkunoviz.org\/lv\/wp-json\/wp\/v2\/comments?post=2018"}],"version-history":[{"count":5,"href":"https:\/\/elkunoviz.org\/lv\/wp-json\/wp\/v2\/pages\/2018\/revisions"}],"predecessor-version":[{"id":12683,"href":"https:\/\/elkunoviz.org\/lv\/wp-json\/wp\/v2\/pages\/2018\/revisions\/12683"}],"wp:attachment":[{"href":"https:\/\/elkunoviz.org\/lv\/wp-json\/wp\/v2\/media?parent=2018"}],"curies":[{"name":"wp","href":"https:\/\/api.w.org\/{rel}","templated":true}]}}